{"id":108,"date":"2025-07-23T15:47:08","date_gmt":"2025-07-23T15:47:08","guid":{"rendered":"https:\/\/anne-barthelmess.de\/wordpress\/?page_id=108"},"modified":"2025-11-20T13:08:46","modified_gmt":"2025-11-20T13:08:46","slug":"feldenkrais_methode","status":"publish","type":"page","link":"https:\/\/anne-barthelmess.de\/index.php\/feldenkrais_methode\/","title":{"rendered":"Anne Barthelmess &#8211; Meine Methoden"},"content":{"rendered":"<div  class='flex_column av-r9g-251932562e4e152a3d1fd59ce52b76a2 av_two_third  avia-builder-el-0  el_before_av_one_third  avia-builder-el-first  first flex_column_div  '     ><section  class='av_textblock_section av-md5v4wbr-69aa5834cc0b03d1ff38de9531e9b9b1 '   itemscope=\"itemscope\" itemtype=\"https:\/\/schema.org\/CreativeWork\" ><div class='avia_textblock'  itemprop=\"text\" ><h1>Meine Methoden<\/h1>\n<p><span style=\"font-size: 12pt;\">Der Kern meiner Arbeit, mein Zuhause, das, wohin ich immer wieder zur\u00fcckkehre, ist die Feldenkrais Methode. Einiges, wohin mich meine Neugierde f\u00fchrte, ist hier unerw\u00e4hnt und doch ein Teil des Ganzen geworden. So wie auch Teile der erw\u00e4hnten Methoden so verinnerlicht sind, dass sich das Eine mit dem Anderen verbindet.<\/span><\/p>\n<p><span style=\"font-size: 12pt;\">Das Leben mit all seinen Erfahrungen, tr\u00e4gt dazu bei, wer man ist und auf welche Art man ins Leben wirkt. Pr\u00fcfungen, die wir bestehen oder auch mal nicht bestehen, Lebensentw\u00fcrfe, die sich erf\u00fcllen oder neu ersonnen werden m\u00fcssen, Geburten, Sterben, Erkranken und Gesunden, Begegnungen, Trennungen, Neuanf\u00e4nge, Reisen &#8230;<\/span><\/p>\n<p><span style=\"font-size: 12pt;\">Irgendwann meint man vielleicht, nun sei alles mal dabei gewesen und dann entdeckt man etwas Neues in dem vermeintlich Bekannten und die Reise geht weiter. Ohne mein Leben mit all seinen Erfahrungen, w\u00e4re ich nicht die, die ich heute bin und das bestimmt meinen Umgang mit Methoden. Meine Lieblingsmethode ist: \u201eDie Methode des genauen Betrachtens\u201c<\/span><\/p>\n<p><span style=\"font-size: 12pt;\">Seit vielen Jahre arbeite und lebe ich nun mit Bewusstheit durch Bewegung und staune manchmal \u00fcber den Weg und all seine kleinen und gro\u00dfen \u00dcberraschungen, die ich dabei erlebt habe. Und alles zusammen ergibt ein Bild, meine innere Landschaft, in der ich mich bewege.<\/span><\/p>\n<h4><\/h4>\n<\/div><\/section><br \/>\n<section  class='av_textblock_section av-mdg540zs-4246ea142bd6641e639586533180b3f2 '   itemscope=\"itemscope\" itemtype=\"https:\/\/schema.org\/CreativeWork\" ><div class='avia_textblock'  itemprop=\"text\" ><details>\n<summary><strong><span style=\"font-size: 14pt; color: #8dd38e;\">Feldenkrais<\/span><\/strong><\/summary>\n<p><span style=\"font-size: 12pt;\">Entdecken Sie M\u00f6glichkeiten, Neues zu lernen, Altes wieder zu gewinnen und Bestehendes zu verbessern. Im Mittelpunkt stehen einfache und funktionale Bewegungen und Ihr intelligentes Nervensystem. Es geht um die Intelligenz einer Bewegung, um das Wie mache ich etwas und um ein forschendes, neugieriges, leichtes Lernen.<\/span><\/p>\n<p><span style=\"font-size: 12pt;\">Die Feldenkrais Methode wurde von einem israelischen Wissenschaftler entwickelt, Dr. Moshe Feldenkrais (1904 &#8211; 1984). Er hat sich mit dem Zusammenhang zwischen Lernen, Denken, F\u00fchlen und Bewegung besch\u00e4ftigt und dabei ein System reichhaltiger und umfassender Lektionen entwickelt, die es uns erm\u00f6glichen, auf eine Entdeckungsreise unserer Bewegungsm\u00f6glichkeiten zu gehen und damit Entwicklung in allen Lebensbereichen zu erm\u00f6glichen.<\/span><\/p>\n<p><span style=\"font-size: 12pt;\">Sich etwas Gutes tun wollen, neue Wege suchen, sich Entwicklung w\u00fcnschen, Stress, \u00c4ngste, Verspannungen, Schmerzen, Bewegungseinschr\u00e4nkungen u. v. m. k\u00f6nnen gute Gr\u00fcnde sein zum FELDENKRAIS zu kommen.<\/span><\/p>\n<p><img loading=\"lazy\" decoding=\"async\" class=\"alignnone\" src=\"https:\/\/anne-barthelmess.de\/wp-content\/uploads\/2025\/08\/feldenkrais_erwachsene_f2.jpg\" alt=\"Anne Barthelmess Feldenkrais Einzelstunde Feldenkrais\" width=\"387\" height=\"275\" border=\"0\" \/><\/p>\n<h3>FELDENKRAIS als Einzelstunden<\/h3>\n<p><span style=\"font-size: 12pt;\">In\u00a0Einzelstunden\u00a0haben Sie meine Aufmerksamkeit ganz f\u00fcr sich.\u00a0Am Anfang steht immer die Frage nach Ihrem pers\u00f6nlichen Wunsch, der Sie zu mir f\u00fchrt. Dieser Wunsch bestimmt dann unsere gemeinsame Arbeit.<\/span><\/p>\n<p><span style=\"font-size: 12pt;\">Meistens liegen Sie dazu auf einer Liege, sind dabei immer vollst\u00e4ndig bekleidet. Mit respektvoller, gezielter und leichter Ber\u00fchrung f\u00fchre ich Sie durch einfache Bewegungen. Die dadurch entstehende sensorische, kin\u00e4sthetische Information helfen K\u00f6rper und Nervensystem zu angemesseneren Bewegungsabl\u00e4ufen. Sie sp\u00fcren und entdecken sich selbst und Ihr K\u00f6rper lernt, Arbeit besser zu verteilen. Sie erweitern Ihr Bewegungsm\u00f6glichkeit und gewinnen Leichtigkeit, Stabilit\u00e4t, Gleichgewicht und Gelassenheit.<\/span><\/p>\n<p><img loading=\"lazy\" decoding=\"async\" src=\"https:\/\/anne-barthelmess.de\/wp-content\/uploads\/2025\/08\/einzelstunden.jpg\" alt=\"Feldenkrais Einzelstunden Berlin Charlottenburg\" width=\"463\" height=\"295\" \/><\/p>\n<h3>FELDENKRAIS als Gruppenstunden<\/h3>\n<p><span style=\"font-size: 12pt;\">In\u00a0Gruppenstunden\u00a0k\u00f6nnen Sie\u00a0ganz auf sich selbst konzentriert Bewegungen erkunden, f\u00fcr mehr Selbstwirksamkeit und Autonomie.\u00a0Mit klarer Sprache und angenehmer Stimme begleite ich Sie durch einfache Bewegungen. Sie entdecken in Ihrem Tempo Bewegungsmuster und erweitern dabei Ihr Repertoire, ohne Leistungsdruck oder Vergleichen mit anderen.\u00a0Man erf\u00e4hrt was man tut, wie man es tut und wie man es tun k\u00f6nnte, dass es sich leichter und angenehmer anf\u00fchlt.<\/span><\/p>\n<p><img loading=\"lazy\" decoding=\"async\" src=\"https:\/\/anne-barthelmess.de\/wp-content\/uploads\/2025\/08\/gruppenstunden_raum.jpg\" alt=\"Feldenkrais Kurse Einzelstunden Berlin Charlottenburg\" width=\"463\" height=\"295\" \/><\/p>\n<p><span style=\"color: #33cccc;\"><span class=\"zitat\">\u201eLernen ist ges\u00fcnder als Patient zu sein.\u201c\u00a0<\/span><span class=\"zitat_klein\">(Dr. Mosh\u00e9 Feldenkrais)<\/span><\/span><\/p>\n<p><video poster=\"https:\/\/anne-barthelmess.de\/wp-content\/uploads\/2025\/08\/Screenshot-2025-08-24-165144.png\" controls=\"controls\" width=\"300\" height=\"150\"><source src=\"https:\/\/anne-barthelmess.de\/wp-content\/uploads\/2025\/08\/2_1_Felden_Aleman_Everyday.mp4\" type=\"video\/mp4\"><\/video><br \/>\n<span style=\"font-size: 10pt;\">Feldenkrais Everyday<\/span><br \/>\n<span style=\"font-size: 10pt;\">Copyright \u00a9 2014 IFF International Feldenkrais\u00ae Federation. Alle Rechte vorbehalten.<\/span><br \/>\n<span style=\"font-size: 10pt;\">Marcela Bretschneider: project leader and director<\/span><br \/>\n<span style=\"font-size: 10pt;\">Diana Sternbach: production assistant<\/span><br \/>\n<span style=\"font-size: 10pt;\">Tomas Utillano: cinematographer and editor<\/span><br \/>\n<span style=\"font-size: 10pt;\">Sebastian Viggiola: editor<\/span><br \/>\n<\/details>\n<\/div><\/section><br \/>\n\n<style type=\"text\/css\" data-created_by=\"avia_inline_auto\" id=\"style-css-av-mi7g4is5-212de258e1c9a6d65c861c0cda51668f\">\n#top .hr.hr-invisible.av-mi7g4is5-212de258e1c9a6d65c861c0cda51668f{\nheight:10px;\n}\n<\/style>\n<div  class='hr av-mi7g4is5-212de258e1c9a6d65c861c0cda51668f hr-invisible  avia-builder-el-3  el_after_av_textblock  el_before_av_textblock '><span class='hr-inner '><span class=\"hr-inner-style\"><\/span><\/span><\/div><br \/>\n<section  class='av_textblock_section av-mdg5jn3b-1005ba60fd6a4264a214568bbab4c4dc '   itemscope=\"itemscope\" itemtype=\"https:\/\/schema.org\/CreativeWork\" ><div class='avia_textblock'  itemprop=\"text\" ><details>\n<summary><strong><span style=\"font-size: 14pt; color: #8dd38e;\">Sounder Sleep System\u2122<\/span><\/strong><\/summary>\n<p><span style=\"font-size: 12pt;\">Das Sounder Sleep System\u2122 ist eine Methode der Selbstregulierung, die uns hilft, leichter in den Schlaf zu finden, tags\u00fcber ausgeglichener zu sein, den Stress des Alltags zu reduzieren sowie bei stressassoziierten Beschwerden z. B. bei Spannungsschmerzen. Wir verbinden unseren bewussten, nat\u00fcrlichen Atem mit winzigen Bewegungen und langen Pausen und laden damit unser Nervensystem ein, sich zu beruhigen.\u00a0<\/span><\/p>\n<p><span style=\"font-size: 12pt;\">Bei dem Wort Sound denken wir meist an ert\u00f6nen oder klingen, aber hier ist es mehr im Sinne von gesund, heil, tief, wertvoll, verl\u00e4sslich zu \u00fcbersetzen. Es handelt sich bei dem Sounder Sleep System\u2122 um ein Methode oder Verfahren, das uns einen gesunden, tiefen oder auch verl\u00e4sslichen Schlaf bringt.<\/span><\/p>\n<p><span style=\"font-size: 12pt;\">Der Begr\u00fcnder, Michael Krugman (1951 \u2013 2016) entwickelte das Sounder Sleep System\u2122 aus einer Krise heraus, die ihm den Schlaf raubte. Er trug seine Erfahrungen und Wissen haupts\u00e4chlich vom FELDENKRAIS\u00ae aber auch von Yoga, Qi Gong und anderen Meditationstechniken zusammen. Als FELDENKRAIS\u00ae Lehrer arbeitete er seit 1984, war international t\u00e4tig und entwickelte das Sounder Sleep System\u2122 in den sp\u00e4ten 90er Jahren.<\/span><\/p>\n<p><img loading=\"lazy\" decoding=\"async\" src=\"https:\/\/anne-barthelmess.de\/wp-content\/uploads\/2025\/08\/soundersleep.jpg\" alt=\"Endlich gut schlafen\" width=\"465\" height=\"221\" \/><br \/>\n<\/details>\n<\/div><\/section><br \/>\n\n<style type=\"text\/css\" data-created_by=\"avia_inline_auto\" id=\"style-css-av-mi7g51j3-e4080464efe4cf359438ab73c587096f\">\n#top .hr.hr-invisible.av-mi7g51j3-e4080464efe4cf359438ab73c587096f{\nheight:10px;\n}\n<\/style>\n<div  class='hr av-mi7g51j3-e4080464efe4cf359438ab73c587096f hr-invisible  avia-builder-el-5  el_after_av_textblock  el_before_av_textblock '><span class='hr-inner '><span class=\"hr-inner-style\"><\/span><\/span><\/div><br \/>\n<section  class='av_textblock_section av-mdpzgjoz-7f342c163caba7076651cd0e1c14f52f '   itemscope=\"itemscope\" itemtype=\"https:\/\/schema.org\/CreativeWork\" ><div class='avia_textblock'  itemprop=\"text\" ><details>\n<summary><strong><span style=\"font-size: 14pt; color: #8dd38e;\">Qi Gong &#8211; Stille in der Bewegung<\/span><\/strong><\/summary>\n<p><span style=\"font-size: 12pt;\">Bewegtes Qi Gong mit Momenten des Innehalten und Lauschen. Diese Art der &#8222;Meditation in Bewegung und Stille&#8220; f\u00f6rdert die Gesundheit, st\u00e4rkt die Abwehrkr\u00e4fte und sorgt f\u00fcr Ausgeglichenheit.<\/span><\/p>\n<p><span style=\"font-size: 12pt;\">Wir besch\u00e4ftigen uns jeweils \u00fcber einen l\u00e4ngeren Zeitraum mit wiederkehrenden Bewegungselementen, um sie langsam zu verinnerlichen und zu durchdringen, so dass wir nach und nach Bewegung aus unserem Inneren aufsteigen lassen k\u00f6nnen. Wir sind ganz mit uns und der Welt verbunden und lassen Bewegung entstehen und kommen so in unsere Kraft.<\/span><\/p>\n<p><span style=\"font-size: 12pt;\">Qi Gong wird zumeist im Stehen unterrichtet, es gibt auch die M\u00f6glichkeit, es im Sitzen zu praktizieren. Manche Aspekte von Bewegung werden in kurzen Sequenzen im Liegen erforscht.<\/span><\/p>\n<p><img loading=\"lazy\" decoding=\"async\" src=\"https:\/\/anne-barthelmess.de\/wp-content\/uploads\/2025\/08\/qigong.jpg\" alt=\"Qi Gong Berlin Charlottenburg\" width=\"463\" height=\"295\" \/><br \/>\n<\/details>\n<\/div><\/section><br \/>\n\n<style type=\"text\/css\" data-created_by=\"avia_inline_auto\" id=\"style-css-av-av_hr-a3513d3a9917d730eda5132380fc6ff4\">\n#top .hr.hr-invisible.av-av_hr-a3513d3a9917d730eda5132380fc6ff4{\nheight:10px;\n}\n<\/style>\n<div  class='hr av-av_hr-a3513d3a9917d730eda5132380fc6ff4 hr-invisible  avia-builder-el-7  el_after_av_textblock  el_before_av_textblock '><span class='hr-inner '><span class=\"hr-inner-style\"><\/span><\/span><\/div><br \/>\n<section  class='av_textblock_section av-mdpzhvwa-e8139149f753a8bd005662b638d1919b '   itemscope=\"itemscope\" itemtype=\"https:\/\/schema.org\/CreativeWork\" ><div class='avia_textblock'  itemprop=\"text\" ><details>\n<summary><strong><span style=\"font-size: 14pt; color: #8dd38e;\">Heilpraktikerin f\u00fcr Psychotherapie (nach Heilpraktiker Gesetz)<\/span><\/strong><\/summary>\n<p><span style=\"font-size: 12pt;\">Erlaubnis zur berufsm\u00e4\u00dfigen Aus\u00fcbung der Heilkunde beschr\u00e4nkt auf das Gebiet der Psychotherapie, verliehen durch das Gesundheitsamt Tempelhof-Sch\u00f6neberg von Berlin am 31. Mai 2011<\/span><\/p>\n<p><img loading=\"lazy\" decoding=\"async\" src=\"https:\/\/anne-barthelmess.de\/wp-content\/uploads\/2025\/08\/therapeutisches.jpg\" alt=\"Anne Barthelmess Heilpraktikerin f\u00fcr Psychotherapie\" width=\"810\" height=\"285\" \/><br \/>\n<\/details>\n<\/div><\/section><br \/>\n\n<style type=\"text\/css\" data-created_by=\"avia_inline_auto\" id=\"style-css-av-av_hr-a3513d3a9917d730eda5132380fc6ff4\">\n#top .hr.hr-invisible.av-av_hr-a3513d3a9917d730eda5132380fc6ff4{\nheight:10px;\n}\n<\/style>\n<div  class='hr av-av_hr-a3513d3a9917d730eda5132380fc6ff4 hr-invisible  avia-builder-el-9  el_after_av_textblock  el_before_av_textblock '><span class='hr-inner '><span class=\"hr-inner-style\"><\/span><\/span><\/div><br \/>\n<section  class='av_textblock_section av-prq8c-214d154d5d120c515fff593638eaa392 '   itemscope=\"itemscope\" itemtype=\"https:\/\/schema.org\/CreativeWork\" ><div class='avia_textblock'  itemprop=\"text\" ><details>\n<summary><strong><span style=\"font-size: 14pt; color: #8dd38e;\">JKA<\/span><\/strong><\/summary>\n<p><span style=\"font-size: 12pt;\">Der\u00a0<a href=\"http:\/\/jeremy-krauss.com\/en\/jka-for-children\" target=\"_blank\" rel=\"noopener\">Jeremy Krauss Approach<\/a>\u00a0wurde von\u00a0<a href=\"https:\/\/jeremy-krauss.com\/about\/jeremy-krauss\/\" target=\"_blank \">Jeremy Krauss\u00a0<\/a>entwickelt und ist ein einzigartiger Weg, der Kinder mit erh\u00f6htem F\u00f6rderbedarf hilft, zu lernen, zu wachsen und sich zu entwickeln, basierend auf der Arbeit von Dr. Feldenkrais. Der Fokus bei der Arbeit mit f\u00f6rderbed\u00fcrftigen Kindern liegt darin, sie dabei zu unterst\u00fctzen, ihr Potenzial und ihre M\u00f6glichkeiten sowohl in physischer und mentaler als auch in emotionaler Hinsicht zu entwickeln.<\/span><br \/>\n<span style=\"font-size: 12pt;\">Die Methoden unterst\u00fctzen das Kind in seinem Lernprozess, in der M\u00f6glichkeit sich zu ver\u00e4ndern und entwicklungsabh\u00e4ngige Herausforderungen w\u00e4hrend eines Prozesses voranschreitender Entwicklungsm\u00f6glichen und formgebender Bildung (<a href=\"http:\/\/jeremy-krauss.com\/en\/jka-training\" target=\"_blank\" rel=\"noopener\">Progressive Developmental Abilities Formation<\/a>) zu bew\u00e4ltigen.<\/span><\/p>\n<p><a href=\"https:\/\/jeremy-krauss.com\/\" target=\"_blank\" rel=\"noopener\"><img loading=\"lazy\" decoding=\"async\" src=\"https:\/\/anne-barthelmess.de\/wp-content\/uploads\/2025\/08\/logo_jka.jpg\" alt=\"Feldenkrais mit Kindern Berlin Charlottenburg\" width=\"171\" height=\"168\" border=\"0\" \/><\/a><br \/>\n<\/details>\n<\/div><\/section><br \/>\n\n<style type=\"text\/css\" data-created_by=\"avia_inline_auto\" id=\"style-css-av-av_hr-a3513d3a9917d730eda5132380fc6ff4\">\n#top .hr.hr-invisible.av-av_hr-a3513d3a9917d730eda5132380fc6ff4{\nheight:10px;\n}\n<\/style>\n<div  class='hr av-av_hr-a3513d3a9917d730eda5132380fc6ff4 hr-invisible  avia-builder-el-11  el_after_av_textblock  el_before_av_textblock '><span class='hr-inner '><span class=\"hr-inner-style\"><\/span><\/span><\/div><br \/>\n<section  class='av_textblock_section av-av_textblock-e77da218392609715a564f3198e3c1da '   itemscope=\"itemscope\" itemtype=\"https:\/\/schema.org\/CreativeWork\" ><div class='avia_textblock'  itemprop=\"text\" ><details>\n<summary><strong><span style=\"font-size: 14pt; color: #8dd38e;\">NLP<\/span><\/strong><\/summary>\n<p><span style=\"font-size: 12pt;\">Neuro-Linguistisches Programmieren &#8211; ist ein Konzept f\u00fcr Kommunikation und Ver\u00e4nderung. NLP untersucht die Muster oder &#8222;Programmierungen&#8220;, die Strukturen der subjektiven Erfahrung, die durch die Interaktion von Gehirn (Neuro), Sprache (Linguistik), K\u00f6rper und Umwelt kreiert werden und die sowohl effektives als auch ineffektives Verhalten produzieren k\u00f6nnen. Mithilfe der Fertigkeiten und Techniken des NLP k\u00f6nnen Klienten ihre vorhandenen Ressourcen nutzen, Muster erkennen und selbstbestimmt ver\u00e4ndern und erlangen so Autonomie und Wahlm\u00f6glichkeiten.<\/span><\/p>\n<p><span style=\"font-size: 12pt;\">NLP ist ein Werkzeug, das sich gewinnbringend f\u00fcr eine gew\u00fcnschte und selbstbestimmte Ver\u00e4nderung einsetzen l\u00e4sst. Dabei bilden einige Grundannahmen n\u00fctzliche Glaubenss\u00e4tze und pr\u00e4gen die Grundhaltung des NLP, unter anderem:<\/span><\/p>\n<ul>\n<li><span style=\"font-size: 12pt;\">Geist und K\u00f6rper sind Teile des gleichen Systems und beeinflussen sich gegenseitig<\/span><\/li>\n<li><span style=\"font-size: 12pt;\">Menschen orientieren sich bei ihrem Handeln an dem Bild was sie sich von der Welt gemacht haben, nicht an der Realit\u00e4t selbst.<\/span><\/li>\n<li><span style=\"font-size: 12pt;\">Wahlm\u00f6glichkeiten sind besser als keine Wahlm\u00f6glichkeiten.<\/span><\/li>\n<li><span style=\"font-size: 12pt;\">Menschen treffen immer die beste Wahl, mit den ihnen zu dieser Zeit zur Verf\u00fcgung stehenden Mitteln.<\/span><\/li>\n<li><span style=\"font-size: 12pt;\">Hinter jedem Verhalten steckt eine positive Absicht.<\/span><\/li>\n<li><span style=\"font-size: 12pt;\">Jedes Verhalten ist in irgendeinem Kontext n\u00fctzlich.<\/span><\/li>\n<li><span style=\"font-size: 12pt;\">Menschen besitzen bereits alle Ressourcen, die sie f\u00fcr eine Ver\u00e4nderung ben\u00f6tigen.<\/span><\/li>\n<li><span style=\"font-size: 12pt;\">Es gibt kein Versagen, es gibt nur R\u00fcckmeldungen.<\/span><\/li>\n<li><span style=\"font-size: 12pt;\">Wenn das, was du tust, nicht funktioniert, tue etwas anderes<\/span><\/li>\n<\/ul>\n<p><img loading=\"lazy\" decoding=\"async\" src=\"https:\/\/anne-barthelmess.de\/wp-content\/uploads\/2025\/08\/brain-5868033_1280-Chen-Pixabay.jpeg\" alt=\"NLP Berlin Charlottenburg\" width=\"655\" height=\"360\" \/><br \/>\n<\/details>\n<\/div><\/section><br \/>\n\n<style type=\"text\/css\" data-created_by=\"avia_inline_auto\" id=\"style-css-av-av_hr-a3513d3a9917d730eda5132380fc6ff4\">\n#top .hr.hr-invisible.av-av_hr-a3513d3a9917d730eda5132380fc6ff4{\nheight:10px;\n}\n<\/style>\n<div  class='hr av-av_hr-a3513d3a9917d730eda5132380fc6ff4 hr-invisible  avia-builder-el-13  el_after_av_textblock  el_before_av_textblock '><span class='hr-inner '><span class=\"hr-inner-style\"><\/span><\/span><\/div><br \/>\n<section  class='av_textblock_section av-mdpzkl2j-0e47d8bdf0191cf3b393a803ee3c6e78 '   itemscope=\"itemscope\" itemtype=\"https:\/\/schema.org\/CreativeWork\" ><div class='avia_textblock'  itemprop=\"text\" ><details>\n<summary><strong><span style=\"font-size: 14pt; color: #8dd38e;\">EMDR (Eye Movement Desensitization and Reprocessing)<\/span><\/strong><\/summary>\n<p><span style=\"font-size: 12pt;\">Bei EMDR handelt es sich um eine Behandlungs-\/Coachingmethode, bei der es durch Stimulierung der Gehirnh\u00e4lften zu sehr effizienten intrapsychischen Verarbeitungsprozessen kommt. Die Entwicklerin, Francine Shapiro konzipierte diese Methode insbesondere f\u00fcr den Bereich der Psychotraumatologie.<\/span><\/p>\n<p><span style=\"font-size: 12pt;\">Mittlerweile ist EMDR zu einem wichtigen Bestandteil professioneller Kommunikation geworden. Im Coachingbereich wird es u. a. mit viel Erfolg beim Zustandsmanagement eingesetzt. Dar\u00fcber hinaus belegen zahlreiche Studien die Wirksamkeit bei der Behandlung von Phobien, Angst- und Suchterkrankungen, traumatischer Trauer, chronischen Schmerzzust\u00e4nden, Phantomschmerzen etc.<\/span><\/p>\n<p><img loading=\"lazy\" decoding=\"async\" src=\"https:\/\/anne-barthelmess.de\/wp-content\/uploads\/2025\/08\/acrylic-paints-588188_1280-Gaby-Stein-Pixabay.jpeg\" alt=\"EMDR Sitzung Berlin Charlottenburg\" width=\"362\" height=\"334\" \/><br \/>\n<\/details>\n<\/div><\/section><br \/>\n\n<style type=\"text\/css\" data-created_by=\"avia_inline_auto\" id=\"style-css-av-av_hr-a3513d3a9917d730eda5132380fc6ff4\">\n#top .hr.hr-invisible.av-av_hr-a3513d3a9917d730eda5132380fc6ff4{\nheight:10px;\n}\n<\/style>\n<div  class='hr av-av_hr-a3513d3a9917d730eda5132380fc6ff4 hr-invisible  avia-builder-el-15  el_after_av_textblock  el_before_av_textblock '><span class='hr-inner '><span class=\"hr-inner-style\"><\/span><\/span><\/div><br \/>\n<section  class='av_textblock_section av-mdpzma86-97ac19e8bffdbe4ca822de2cc914ca02 '   itemscope=\"itemscope\" itemtype=\"https:\/\/schema.org\/CreativeWork\" ><div class='avia_textblock'  itemprop=\"text\" ><details>\n<summary><strong><span style=\"font-size: 14pt; color: #8dd38e;\">Babymassage<\/span><\/strong><\/summary>\n<p><span style=\"font-size: 12pt;\">Babymassage ist eine Jahrhunderte w\u00e4hrende Tradition in vielen Kulturen.\u00a0Ber\u00fchrung und Bewegung sind wesentliche Elemente von Wachstum, Lernen und Entwicklung.\u00a0<\/span><br \/>\n<span style=\"font-size: 12pt;\">Respektvolle Ber\u00fchrung und anteilnehmende Kommunikation stehen im Vordergrund bei der Babymassage. Sie setzt sich aus indischen und schwedischen Massage-Elementen zusammen und aus Ideen aus dem Yoga. Babymassage \u00a0f\u00f6rdert die Kommunikationsf\u00e4higkeit, das Selbstwert- und Zugeh\u00f6rigkeitsgef\u00fchl. Die Sprachliche, geistige und k\u00f6rperliche Entwicklung wird unterst\u00fctzt, neben vielen positiven gesundheitlichen Aspekten. Die Bindungen in der Familie wachsen und Eltern st\u00e4rken ihre Kompetenz, die besten Fachleute f\u00fcr ihr Baby zu sein.<\/span><\/p>\n<p><img loading=\"lazy\" decoding=\"async\" src=\"https:\/\/anne-barthelmess.de\/wp-content\/uploads\/2025\/08\/babymassage.jpg\" alt=\"Babymassage Berlin Charlottenburg\" width=\"655\" height=\"388\" \/><br \/>\n<\/details>\n<\/div><\/section><\/p><\/div><div  class='flex_column av-2yce-1b63bbf9ff1ef7677df5a5d10795e8f2 av_one_third  avia-builder-el-17  el_after_av_two_third  avia-builder-el-last  flex_column_div  '     ><style type=\"text\/css\" data-created_by=\"avia_inline_auto\" id=\"style-css-av-md5v6kpy-aca81f31d3f3baf11e5bd9202f12ec57\">\n.avia-image-container.av-md5v6kpy-aca81f31d3f3baf11e5bd9202f12ec57 img.avia_image{\nbox-shadow:none;\n}\n.avia-image-container.av-md5v6kpy-aca81f31d3f3baf11e5bd9202f12ec57 .av-image-caption-overlay-center{\ncolor:#ffffff;\n}\n<\/style>\n<div  class='avia-image-container av-md5v6kpy-aca81f31d3f3baf11e5bd9202f12ec57 av-styling- avia-align-center  avia-builder-el-18  avia-builder-el-no-sibling '   itemprop=\"image\" itemscope=\"itemscope\" itemtype=\"https:\/\/schema.org\/ImageObject\" ><div class=\"avia-image-container-inner\"><div class=\"avia-image-overlay-wrap\"><img decoding=\"async\" fetchpriority=\"high\" class='wp-image-109 avia-img-lazy-loading-not-109 avia_image ' src=\"https:\/\/anne-barthelmess.de\/wp-content\/uploads\/2025\/07\/methoden.jpg\" alt='Anne Barthelmess Feldenkrais Methoden Berlin Charlottenburg' title='Anne Barthelmess Feldenkrais Methoden Berlin Charlottenburg'  height=\"295\" width=\"463\"  itemprop=\"thumbnailUrl\" srcset=\"https:\/\/anne-barthelmess.de\/wp-content\/uploads\/2025\/07\/methoden.jpg 463w, https:\/\/anne-barthelmess.de\/wp-content\/uploads\/2025\/07\/methoden-300x191.jpg 300w\" sizes=\"(max-width: 463px) 100vw, 463px\" \/><\/div><\/div><\/div><\/div><\/p>\n","protected":false},"excerpt":{"rendered":"","protected":false},"author":1,"featured_media":0,"parent":0,"menu_order":0,"comment_status":"closed","ping_status":"open","template":"","meta":{"footnotes":""},"class_list":["post-108","page","type-page","status-publish","hentry"],"yoast_head":"<!-- This site is optimized with the Yoast SEO plugin v26.5 - https:\/\/yoast.com\/wordpress\/plugins\/seo\/ -->\n<title>Anne Barthelmess - Meine Methoden<\/title>\n<meta name=\"description\" content=\"Der Kern meiner Arbeit, mein Zuhause, das, wohin ich immer wieder zur\u00fcckkehre, ist die Feldenkrais Methode.\" \/>\n<meta name=\"robots\" content=\"index, follow, max-snippet:-1, max-image-preview:large, max-video-preview:-1\" \/>\n<link rel=\"canonical\" href=\"https:\/\/anne-barthelmess.de\/index.php\/feldenkrais_methode\/\" \/>\n<meta property=\"og:locale\" content=\"de_DE\" \/>\n<meta property=\"og:type\" content=\"article\" \/>\n<meta property=\"og:title\" content=\"Anne Barthelmess - Meine Methoden\" \/>\n<meta property=\"og:description\" content=\"Der Kern meiner Arbeit, mein Zuhause, das, wohin ich immer wieder zur\u00fcckkehre, ist die Feldenkrais Methode.\" \/>\n<meta property=\"og:url\" content=\"https:\/\/anne-barthelmess.de\/index.php\/feldenkrais_methode\/\" \/>\n<meta property=\"og:site_name\" content=\"Anne Barthelme\u00df\" \/>\n<meta property=\"article:modified_time\" content=\"2025-11-20T13:08:46+00:00\" \/>\n<meta property=\"og:image\" content=\"https:\/\/anne-barthelmess.de\/wp-content\/uploads\/2025\/08\/feldenkrais_erwachsene_f2.jpg\" \/>\n<meta name=\"twitter:card\" content=\"summary_large_image\" \/>\n<meta name=\"twitter:label1\" content=\"Gesch\u00e4tzte Lesezeit\" \/>\n\t<meta name=\"twitter:data1\" content=\"10\u00a0Minuten\" \/>\n<script type=\"application\/ld+json\" class=\"yoast-schema-graph\">{\"@context\":\"https:\/\/schema.org\",\"@graph\":[{\"@type\":\"WebPage\",\"@id\":\"https:\/\/anne-barthelmess.de\/index.php\/feldenkrais_methode\/\",\"url\":\"https:\/\/anne-barthelmess.de\/index.php\/feldenkrais_methode\/\",\"name\":\"Anne Barthelmess - Meine Methoden\",\"isPartOf\":{\"@id\":\"https:\/\/anne-barthelmess.de\/#website\"},\"primaryImageOfPage\":{\"@id\":\"https:\/\/anne-barthelmess.de\/index.php\/feldenkrais_methode\/#primaryimage\"},\"image\":{\"@id\":\"https:\/\/anne-barthelmess.de\/index.php\/feldenkrais_methode\/#primaryimage\"},\"thumbnailUrl\":\"https:\/\/anne-barthelmess.de\/wp-content\/uploads\/2025\/08\/feldenkrais_erwachsene_f2.jpg\",\"datePublished\":\"2025-07-23T15:47:08+00:00\",\"dateModified\":\"2025-11-20T13:08:46+00:00\",\"description\":\"Der Kern meiner Arbeit, mein Zuhause, das, wohin ich immer wieder zur\u00fcckkehre, ist die Feldenkrais Methode.\",\"breadcrumb\":{\"@id\":\"https:\/\/anne-barthelmess.de\/index.php\/feldenkrais_methode\/#breadcrumb\"},\"inLanguage\":\"de\",\"potentialAction\":[{\"@type\":\"ReadAction\",\"target\":[\"https:\/\/anne-barthelmess.de\/index.php\/feldenkrais_methode\/\"]}]},{\"@type\":\"ImageObject\",\"inLanguage\":\"de\",\"@id\":\"https:\/\/anne-barthelmess.de\/index.php\/feldenkrais_methode\/#primaryimage\",\"url\":\"https:\/\/anne-barthelmess.de\/wp-content\/uploads\/2025\/08\/feldenkrais_erwachsene_f2.jpg\",\"contentUrl\":\"https:\/\/anne-barthelmess.de\/wp-content\/uploads\/2025\/08\/feldenkrais_erwachsene_f2.jpg\",\"width\":387,\"height\":275},{\"@type\":\"BreadcrumbList\",\"@id\":\"https:\/\/anne-barthelmess.de\/index.php\/feldenkrais_methode\/#breadcrumb\",\"itemListElement\":[{\"@type\":\"ListItem\",\"position\":1,\"name\":\"Startseite\",\"item\":\"https:\/\/anne-barthelmess.de\/index.php\/startseite\/\"},{\"@type\":\"ListItem\",\"position\":2,\"name\":\"Anne Barthelmess &#8211; Meine Methoden\"}]},{\"@type\":\"WebSite\",\"@id\":\"https:\/\/anne-barthelmess.de\/#website\",\"url\":\"https:\/\/anne-barthelmess.de\/\",\"name\":\"Anne Barthelme\u00df\",\"description\":\"Feldenkrais als Einzelstunde und Gruppenstunde in Berlin Charlottenburg\",\"publisher\":{\"@id\":\"https:\/\/anne-barthelmess.de\/#\/schema\/person\/b0108bfd55dfd6a45f19d6755e1c76d5\"},\"potentialAction\":[{\"@type\":\"SearchAction\",\"target\":{\"@type\":\"EntryPoint\",\"urlTemplate\":\"https:\/\/anne-barthelmess.de\/?s={search_term_string}\"},\"query-input\":{\"@type\":\"PropertyValueSpecification\",\"valueRequired\":true,\"valueName\":\"search_term_string\"}}],\"inLanguage\":\"de\"},{\"@type\":[\"Person\",\"Organization\"],\"@id\":\"https:\/\/anne-barthelmess.de\/#\/schema\/person\/b0108bfd55dfd6a45f19d6755e1c76d5\",\"name\":\"admin\",\"image\":{\"@type\":\"ImageObject\",\"inLanguage\":\"de\",\"@id\":\"https:\/\/anne-barthelmess.de\/#\/schema\/person\/image\/\",\"url\":\"https:\/\/anne-barthelmess.de\/wordpress\/wp-content\/uploads\/2025\/06\/cropped-anne_thumb.jpg\",\"contentUrl\":\"https:\/\/anne-barthelmess.de\/wordpress\/wp-content\/uploads\/2025\/06\/cropped-anne_thumb.jpg\",\"width\":67,\"height\":72,\"caption\":\"admin\"},\"logo\":{\"@id\":\"https:\/\/anne-barthelmess.de\/#\/schema\/person\/image\/\"},\"sameAs\":[\"https:\/\/anne-barthelmess.de\/wordpress\"]}]}<\/script>\n<!-- \/ Yoast SEO plugin. -->","yoast_head_json":{"title":"Anne Barthelmess - Meine Methoden","description":"Der Kern meiner Arbeit, mein Zuhause, das, wohin ich immer wieder zur\u00fcckkehre, ist die Feldenkrais Methode.","robots":{"index":"index","follow":"follow","max-snippet":"max-snippet:-1","max-image-preview":"max-image-preview:large","max-video-preview":"max-video-preview:-1"},"canonical":"https:\/\/anne-barthelmess.de\/index.php\/feldenkrais_methode\/","og_locale":"de_DE","og_type":"article","og_title":"Anne Barthelmess - Meine Methoden","og_description":"Der Kern meiner Arbeit, mein Zuhause, das, wohin ich immer wieder zur\u00fcckkehre, ist die Feldenkrais Methode.","og_url":"https:\/\/anne-barthelmess.de\/index.php\/feldenkrais_methode\/","og_site_name":"Anne Barthelme\u00df","article_modified_time":"2025-11-20T13:08:46+00:00","og_image":[{"url":"https:\/\/anne-barthelmess.de\/wp-content\/uploads\/2025\/08\/feldenkrais_erwachsene_f2.jpg","type":"","width":"","height":""}],"twitter_card":"summary_large_image","twitter_misc":{"Gesch\u00e4tzte Lesezeit":"10\u00a0Minuten"},"schema":{"@context":"https:\/\/schema.org","@graph":[{"@type":"WebPage","@id":"https:\/\/anne-barthelmess.de\/index.php\/feldenkrais_methode\/","url":"https:\/\/anne-barthelmess.de\/index.php\/feldenkrais_methode\/","name":"Anne Barthelmess - Meine Methoden","isPartOf":{"@id":"https:\/\/anne-barthelmess.de\/#website"},"primaryImageOfPage":{"@id":"https:\/\/anne-barthelmess.de\/index.php\/feldenkrais_methode\/#primaryimage"},"image":{"@id":"https:\/\/anne-barthelmess.de\/index.php\/feldenkrais_methode\/#primaryimage"},"thumbnailUrl":"https:\/\/anne-barthelmess.de\/wp-content\/uploads\/2025\/08\/feldenkrais_erwachsene_f2.jpg","datePublished":"2025-07-23T15:47:08+00:00","dateModified":"2025-11-20T13:08:46+00:00","description":"Der Kern meiner Arbeit, mein Zuhause, das, wohin ich immer wieder zur\u00fcckkehre, ist die Feldenkrais Methode.","breadcrumb":{"@id":"https:\/\/anne-barthelmess.de\/index.php\/feldenkrais_methode\/#breadcrumb"},"inLanguage":"de","potentialAction":[{"@type":"ReadAction","target":["https:\/\/anne-barthelmess.de\/index.php\/feldenkrais_methode\/"]}]},{"@type":"ImageObject","inLanguage":"de","@id":"https:\/\/anne-barthelmess.de\/index.php\/feldenkrais_methode\/#primaryimage","url":"https:\/\/anne-barthelmess.de\/wp-content\/uploads\/2025\/08\/feldenkrais_erwachsene_f2.jpg","contentUrl":"https:\/\/anne-barthelmess.de\/wp-content\/uploads\/2025\/08\/feldenkrais_erwachsene_f2.jpg","width":387,"height":275},{"@type":"BreadcrumbList","@id":"https:\/\/anne-barthelmess.de\/index.php\/feldenkrais_methode\/#breadcrumb","itemListElement":[{"@type":"ListItem","position":1,"name":"Startseite","item":"https:\/\/anne-barthelmess.de\/index.php\/startseite\/"},{"@type":"ListItem","position":2,"name":"Anne Barthelmess &#8211; Meine Methoden"}]},{"@type":"WebSite","@id":"https:\/\/anne-barthelmess.de\/#website","url":"https:\/\/anne-barthelmess.de\/","name":"Anne Barthelme\u00df","description":"Feldenkrais als Einzelstunde und Gruppenstunde in Berlin Charlottenburg","publisher":{"@id":"https:\/\/anne-barthelmess.de\/#\/schema\/person\/b0108bfd55dfd6a45f19d6755e1c76d5"},"potentialAction":[{"@type":"SearchAction","target":{"@type":"EntryPoint","urlTemplate":"https:\/\/anne-barthelmess.de\/?s={search_term_string}"},"query-input":{"@type":"PropertyValueSpecification","valueRequired":true,"valueName":"search_term_string"}}],"inLanguage":"de"},{"@type":["Person","Organization"],"@id":"https:\/\/anne-barthelmess.de\/#\/schema\/person\/b0108bfd55dfd6a45f19d6755e1c76d5","name":"admin","image":{"@type":"ImageObject","inLanguage":"de","@id":"https:\/\/anne-barthelmess.de\/#\/schema\/person\/image\/","url":"https:\/\/anne-barthelmess.de\/wordpress\/wp-content\/uploads\/2025\/06\/cropped-anne_thumb.jpg","contentUrl":"https:\/\/anne-barthelmess.de\/wordpress\/wp-content\/uploads\/2025\/06\/cropped-anne_thumb.jpg","width":67,"height":72,"caption":"admin"},"logo":{"@id":"https:\/\/anne-barthelmess.de\/#\/schema\/person\/image\/"},"sameAs":["https:\/\/anne-barthelmess.de\/wordpress"]}]}},"_links":{"self":[{"href":"https:\/\/anne-barthelmess.de\/index.php\/wp-json\/wp\/v2\/pages\/108","targetHints":{"allow":["GET"]}}],"collection":[{"href":"https:\/\/anne-barthelmess.de\/index.php\/wp-json\/wp\/v2\/pages"}],"about":[{"href":"https:\/\/anne-barthelmess.de\/index.php\/wp-json\/wp\/v2\/types\/page"}],"author":[{"embeddable":true,"href":"https:\/\/anne-barthelmess.de\/index.php\/wp-json\/wp\/v2\/users\/1"}],"replies":[{"embeddable":true,"href":"https:\/\/anne-barthelmess.de\/index.php\/wp-json\/wp\/v2\/comments?post=108"}],"version-history":[{"count":24,"href":"https:\/\/anne-barthelmess.de\/index.php\/wp-json\/wp\/v2\/pages\/108\/revisions"}],"predecessor-version":[{"id":544,"href":"https:\/\/anne-barthelmess.de\/index.php\/wp-json\/wp\/v2\/pages\/108\/revisions\/544"}],"wp:attachment":[{"href":"https:\/\/anne-barthelmess.de\/index.php\/wp-json\/wp\/v2\/media?parent=108"}],"curies":[{"name":"wp","href":"https:\/\/api.w.org\/{rel}","templated":true}]}}