{"id":117,"date":"2025-07-23T19:06:47","date_gmt":"2025-07-23T19:06:47","guid":{"rendered":"https:\/\/anne-barthelmess.de\/wordpress\/?page_id=117"},"modified":"2026-04-09T06:23:16","modified_gmt":"2026-04-09T06:23:16","slug":"feldenkrais-einzelstunden","status":"publish","type":"page","link":"https:\/\/anne-barthelmess.de\/index.php\/feldenkrais-einzelstunden\/","title":{"rendered":"Feldenkrais Einzelstunden Berlin Charlottenburg"},"content":{"rendered":"<div  class='flex_column av-r9g-251932562e4e152a3d1fd59ce52b76a2 av_two_third  avia-builder-el-0  el_before_av_one_third  avia-builder-el-first  first flex_column_div  '     ><section  class='av_textblock_section av-md5v4wbr-69aa5834cc0b03d1ff38de9531e9b9b1 '   itemscope=\"itemscope\" itemtype=\"https:\/\/schema.org\/CreativeWork\" ><div class='avia_textblock'  itemprop=\"text\" ><h1>Einzelstunden &#8211; individuell und vertraulich<\/h1>\n<p><span style=\"font-size: 12pt;\">In Einzelstunden haben Sie meine volle Aufmerksamkeit ganz f\u00fcr sich und k\u00f6nnen W\u00fcnsche \u00e4u\u00dfern.<\/span><\/p>\n<h3>Feldenkrais<\/h3>\n<p><span style=\"font-size: 12pt;\">Mit respektvoller, pr\u00e4ziser und leichter Ber\u00fchrung f\u00fchre ich Sie durch einfache Bewegungen, in Pr\u00e4senz bei mir in der Praxis.<\/span><\/p>\n<p><span style=\"font-size: 12pt;\">Das Gehirn erinnert sich an l\u00e4ngst vergessene Bewegungen und Geschmeidigkeit. Zusammenh\u00e4nge in Ihrem K\u00f6rper werden sp\u00fcrbar und Klarheit entsteht. Manchmal l\u00f6sen sich Schmerzen, oft l\u00f6sen sich Muster und es er\u00f6ffnen sich neue M\u00f6glichkeiten. Sie gewinnen Leichtigkeit, Balance und Selbstbewusstsein. <\/span><\/p>\n<p><span style=\"font-size: 12pt;\">Feldenkrais ist auch online in Einzelstunden m\u00f6glich, dann mit verbaler Anleitung.<\/span><\/p>\n<h3>Einfach besser schlafen &#8211; Sounder Sleep System<\/h3>\n<p><span style=\"font-size: 12pt;\">Besser (wieder) einschlafen, erholsamer schlafen und entspannter durch den Tag gehen. <\/span><\/p>\n<p><span style=\"font-size: 12pt;\">Mit 3 bis 5 Einzelstunden k\u00f6nnen Sie bereits erste Erfolge erzielen und alleine weiter machen oder mehr buchen, wenn Ihnen danach ist.<\/span><\/p>\n<p><strong><span style=\"font-size: medium;\">\u00a0&#8211; bei mir <\/span>in der<span style=\"font-size: medium;\"> Praxis oder online &#8211;<\/span><\/strong><\/p>\n<h3>Preise<\/h3>\n<p><span style=\"font-size: 12pt;\">1 Termin \u2013 90 \u20ac (Rechnung enth\u00e4lt gem\u00e4\u00df \u00a7 19 des UStG keine Umsatzsteuer)<\/span><br \/>\n<span style=\"font-size: 12pt;\">1 Heilpraktiker Psychotherapie Termin \u2013 80 \u20ac (Rechnung enth\u00e4lt gem\u00e4\u00df \u00a7 4 Abs. 14 UStG keine Umsatzsteuer)\u00a0<\/span><\/p>\n<p><span style=\"font-size: 12pt;\">Termine nach Absprache\u00a0<\/span><\/p>\n<p><span style=\"font-size: 12pt;\">Absagen von Terminen bis zu 36 Stunden vorher sind kostenfrei m\u00f6glich, danach behalte ich mir vor, die vers\u00e4umte Stunde zu berechnen.<\/span><\/p>\n<\/div><\/section><br \/>\n<div  class='avia-button-wrap av-mdn9f15u-b7563b3f6063d4e0ca921aeba1fdf1a8-wrap avia-button-left  avia-builder-el-2  el_after_av_textblock  avia-builder-el-last '>\n<style type=\"text\/css\" data-created_by=\"avia_inline_auto\" id=\"style-css-av-mdn9f15u-b7563b3f6063d4e0ca921aeba1fdf1a8\">\n#top #wrap_all .avia-button.av-mdn9f15u-b7563b3f6063d4e0ca921aeba1fdf1a8{\nfont-size:16px;\nbackground-color:#007f9b;\nborder-color:#007f9b;\ncolor:#ffffff;\ntransition:all 0.4s ease-in-out;\n}\n#top #wrap_all .avia-button.av-mdn9f15u-b7563b3f6063d4e0ca921aeba1fdf1a8 .avia-svg-icon svg:first-child{\nfill:#ffffff;\nstroke:#ffffff;\n}\n<\/style>\n<a href='mailto:mail@anne-barthelmess.de?subject=Anfrage Einzelstunde'  class='avia-button av-mdn9f15u-b7563b3f6063d4e0ca921aeba1fdf1a8 av-link-btn avia-icon_select-yes-left-icon avia-size-large avia-position-left'  target=\"_blank\"  rel=\"noopener noreferrer\"  aria-label=\"Termin anfragen\"><span class='avia_button_icon avia_button_icon_left avia-svg-icon avia-font-svg_entypo-fontello' data-av_svg_icon='mail' data-av_iconset='svg_entypo-fontello'><svg version=\"1.1\" xmlns=\"http:\/\/www.w3.org\/2000\/svg\" width=\"29\" height=\"32\" viewBox=\"0 0 29 32\" preserveAspectRatio=\"xMidYMid meet\" aria-labelledby='av-svg-title-1' aria-describedby='av-svg-desc-1' role=\"graphics-symbol\">\n<title id='av-svg-title-1'>Mail<\/title>\n<desc id='av-svg-desc-1'>Mail<\/desc>\n<path d=\"M0.96 8.448q-1.024-0.576-0.896-1.28 0.064-0.448 0.832-0.448h27.072q1.216 0 0.64 1.024-0.256 0.448-0.768 0.704-0.448 0.192-6.144 3.264t-5.824 3.136q-0.512 0.32-1.472 0.32-0.896 0-1.472-0.32-0.128-0.064-5.824-3.136t-6.144-3.264zM28.16 11.648q0.64-0.32 0.64 0.32v11.776q0 0.512-0.544 1.024t-1.056 0.512h-25.6q-0.512 0-1.056-0.512t-0.544-1.024v-11.776q0-0.64 0.64-0.32l12.288 6.4q0.576 0.32 1.472 0.32t1.472-0.32z\"><\/path>\n<\/svg><\/span><span class='avia_iconbox_title' >Termin anfragen<\/span><\/a><\/div><\/p><\/div><div  class='flex_column av-2yce-1b63bbf9ff1ef7677df5a5d10795e8f2 av_one_third  avia-builder-el-3  el_after_av_two_third  el_before_av_two_third  flex_column_div  '     ><style type=\"text\/css\" data-created_by=\"avia_inline_auto\" id=\"style-css-av-md5v6kpy-a177ef3b1a66df433c923fd19d0f31d8\">\n.avia-image-container.av-md5v6kpy-a177ef3b1a66df433c923fd19d0f31d8 img.avia_image{\nbox-shadow:none;\n}\n.avia-image-container.av-md5v6kpy-a177ef3b1a66df433c923fd19d0f31d8 .av-image-caption-overlay-center{\ncolor:#ffffff;\n}\n<\/style>\n<div  class='avia-image-container av-md5v6kpy-a177ef3b1a66df433c923fd19d0f31d8 av-styling- avia-align-center  avia-builder-el-4  avia-builder-el-no-sibling '   itemprop=\"image\" itemscope=\"itemscope\" itemtype=\"https:\/\/schema.org\/ImageObject\" ><div class=\"avia-image-container-inner\"><div class=\"avia-image-overlay-wrap\"><img decoding=\"async\" fetchpriority=\"high\" class='wp-image-119 avia-img-lazy-loading-not-119 avia_image ' src=\"https:\/\/anne-barthelmess.de\/wp-content\/uploads\/2025\/07\/einzelstunden.jpg\" alt='Feldenkrais Einzelstunden in Berlin Charlottenburg' title='Feldenkrais Einzelstunden in Berlin Charlottenburg'  height=\"295\" width=\"463\"  itemprop=\"thumbnailUrl\" srcset=\"https:\/\/anne-barthelmess.de\/wp-content\/uploads\/2025\/07\/einzelstunden.jpg 463w, https:\/\/anne-barthelmess.de\/wp-content\/uploads\/2025\/07\/einzelstunden-300x191.jpg 300w\" sizes=\"(max-width: 463px) 100vw, 463px\" \/><\/div><\/div><\/div><\/div><\/p>\n<div  class='flex_column av-jbio5-5860a5d27903863674c8db4f78b3f64f av_two_third  avia-builder-el-5  el_after_av_one_third  avia-builder-el-last  first flex_column_div  column-top-margin'     ><section  class='av_textblock_section av-8yrot-ac47cc221aef71ef64a264f84be0b7ab '   itemscope=\"itemscope\" itemtype=\"https:\/\/schema.org\/CreativeWork\" ><div class='avia_textblock'  itemprop=\"text\" ><h3 style=\"text-align: left;\">Mein FELDENKRAIS Erlebnis:<\/h3>\n<p><span style=\"font-size: 12pt;\">Wenn ich mir eine Feldenkrais Stunde kaufe, dann ist das Zeit f\u00fcr mich, wie eine Verabredung mit mir selbst.<\/span><\/p>\n<p><span style=\"font-size: 12pt;\">Hier kann ich loslassen.<br \/>\n<\/span><span style=\"font-size: 12pt;\">Hier kann ich wahrnehmen.<br \/>\n<\/span><span style=\"font-size: 12pt;\">Hier bin ich wichtig.<\/span><\/p>\n<p><span style=\"font-size: 12pt;\">Dabei ordne ich mich neu, alles in mir r\u00fcckt wieder an seinen Platz und f\u00fchlt sich leicht an. Ich komme von der Hetze des Alltags wieder runter und sorge gut f\u00fcr mich. Es entsteht ein Gef\u00fchl von Kraft und Gl\u00fcck in mir, sanft und behutsam.<\/span><\/p>\n<p><span style=\"font-size: 12pt;\">Am Anfang darf ich mir etwas w\u00fcnschen und am Ende bin ich der Erf\u00fcllung meines Wunsches jedes Mal ein St\u00fcck n\u00e4her gekommen.<\/span> (Anne H.)<\/p>\n<\/div><\/section><\/div>\n","protected":false},"excerpt":{"rendered":"","protected":false},"author":1,"featured_media":0,"parent":0,"menu_order":0,"comment_status":"closed","ping_status":"open","template":"","meta":{"footnotes":""},"class_list":["post-117","page","type-page","status-publish","hentry"],"yoast_head":"<!-- This site is optimized with the Yoast SEO plugin v26.5 - https:\/\/yoast.com\/wordpress\/plugins\/seo\/ -->\n<title>Feldenkrais Einzelstunden Berlin Charlottenburg<\/title>\n<meta name=\"description\" content=\"Feldenkrais Einzelstunden sind individuell und vertraulich f\u00fcr Leichtigkeit, Balance und Selbstbewusstsein.\" \/>\n<meta name=\"robots\" content=\"index, follow, max-snippet:-1, max-image-preview:large, max-video-preview:-1\" \/>\n<link rel=\"canonical\" href=\"https:\/\/anne-barthelmess.de\/index.php\/feldenkrais-einzelstunden\/\" \/>\n<meta property=\"og:locale\" content=\"de_DE\" \/>\n<meta property=\"og:type\" content=\"article\" \/>\n<meta property=\"og:title\" content=\"Feldenkrais Einzelstunden Berlin Charlottenburg\" \/>\n<meta property=\"og:description\" content=\"Feldenkrais Einzelstunden sind individuell und vertraulich f\u00fcr Leichtigkeit, Balance und Selbstbewusstsein.\" \/>\n<meta property=\"og:url\" content=\"https:\/\/anne-barthelmess.de\/index.php\/feldenkrais-einzelstunden\/\" \/>\n<meta property=\"og:site_name\" content=\"Anne Barthelme\u00df\" \/>\n<meta property=\"article:modified_time\" content=\"2026-04-09T06:23:16+00:00\" \/>\n<meta name=\"twitter:card\" content=\"summary_large_image\" \/>\n<meta name=\"twitter:label1\" content=\"Gesch\u00e4tzte Lesezeit\" \/>\n\t<meta name=\"twitter:data1\" content=\"2\u00a0Minuten\" \/>\n<script type=\"application\/ld+json\" class=\"yoast-schema-graph\">{\"@context\":\"https:\/\/schema.org\",\"@graph\":[{\"@type\":\"WebPage\",\"@id\":\"https:\/\/anne-barthelmess.de\/index.php\/feldenkrais-einzelstunden\/\",\"url\":\"https:\/\/anne-barthelmess.de\/index.php\/feldenkrais-einzelstunden\/\",\"name\":\"Feldenkrais Einzelstunden Berlin Charlottenburg\",\"isPartOf\":{\"@id\":\"https:\/\/anne-barthelmess.de\/#website\"},\"datePublished\":\"2025-07-23T19:06:47+00:00\",\"dateModified\":\"2026-04-09T06:23:16+00:00\",\"description\":\"Feldenkrais Einzelstunden sind individuell und vertraulich f\u00fcr Leichtigkeit, Balance und Selbstbewusstsein.\",\"breadcrumb\":{\"@id\":\"https:\/\/anne-barthelmess.de\/index.php\/feldenkrais-einzelstunden\/#breadcrumb\"},\"inLanguage\":\"de\",\"potentialAction\":[{\"@type\":\"ReadAction\",\"target\":[\"https:\/\/anne-barthelmess.de\/index.php\/feldenkrais-einzelstunden\/\"]}]},{\"@type\":\"BreadcrumbList\",\"@id\":\"https:\/\/anne-barthelmess.de\/index.php\/feldenkrais-einzelstunden\/#breadcrumb\",\"itemListElement\":[{\"@type\":\"ListItem\",\"position\":1,\"name\":\"Startseite\",\"item\":\"https:\/\/anne-barthelmess.de\/index.php\/startseite\/\"},{\"@type\":\"ListItem\",\"position\":2,\"name\":\"Feldenkrais Einzelstunden Berlin Charlottenburg\"}]},{\"@type\":\"WebSite\",\"@id\":\"https:\/\/anne-barthelmess.de\/#website\",\"url\":\"https:\/\/anne-barthelmess.de\/\",\"name\":\"Anne Barthelme\u00df\",\"description\":\"Feldenkrais als Einzelstunde und Gruppenstunde in Berlin Charlottenburg\",\"publisher\":{\"@id\":\"https:\/\/anne-barthelmess.de\/#\/schema\/person\/b0108bfd55dfd6a45f19d6755e1c76d5\"},\"potentialAction\":[{\"@type\":\"SearchAction\",\"target\":{\"@type\":\"EntryPoint\",\"urlTemplate\":\"https:\/\/anne-barthelmess.de\/?s={search_term_string}\"},\"query-input\":{\"@type\":\"PropertyValueSpecification\",\"valueRequired\":true,\"valueName\":\"search_term_string\"}}],\"inLanguage\":\"de\"},{\"@type\":[\"Person\",\"Organization\"],\"@id\":\"https:\/\/anne-barthelmess.de\/#\/schema\/person\/b0108bfd55dfd6a45f19d6755e1c76d5\",\"name\":\"admin\",\"image\":{\"@type\":\"ImageObject\",\"inLanguage\":\"de\",\"@id\":\"https:\/\/anne-barthelmess.de\/#\/schema\/person\/image\/\",\"url\":\"https:\/\/anne-barthelmess.de\/wordpress\/wp-content\/uploads\/2025\/06\/cropped-anne_thumb.jpg\",\"contentUrl\":\"https:\/\/anne-barthelmess.de\/wordpress\/wp-content\/uploads\/2025\/06\/cropped-anne_thumb.jpg\",\"width\":67,\"height\":72,\"caption\":\"admin\"},\"logo\":{\"@id\":\"https:\/\/anne-barthelmess.de\/#\/schema\/person\/image\/\"},\"sameAs\":[\"https:\/\/anne-barthelmess.de\/wordpress\"]}]}<\/script>\n<!-- \/ Yoast SEO plugin. -->","yoast_head_json":{"title":"Feldenkrais Einzelstunden Berlin Charlottenburg","description":"Feldenkrais Einzelstunden sind individuell und vertraulich f\u00fcr Leichtigkeit, Balance und Selbstbewusstsein.","robots":{"index":"index","follow":"follow","max-snippet":"max-snippet:-1","max-image-preview":"max-image-preview:large","max-video-preview":"max-video-preview:-1"},"canonical":"https:\/\/anne-barthelmess.de\/index.php\/feldenkrais-einzelstunden\/","og_locale":"de_DE","og_type":"article","og_title":"Feldenkrais Einzelstunden Berlin Charlottenburg","og_description":"Feldenkrais Einzelstunden sind individuell und vertraulich f\u00fcr Leichtigkeit, Balance und Selbstbewusstsein.","og_url":"https:\/\/anne-barthelmess.de\/index.php\/feldenkrais-einzelstunden\/","og_site_name":"Anne Barthelme\u00df","article_modified_time":"2026-04-09T06:23:16+00:00","twitter_card":"summary_large_image","twitter_misc":{"Gesch\u00e4tzte Lesezeit":"2\u00a0Minuten"},"schema":{"@context":"https:\/\/schema.org","@graph":[{"@type":"WebPage","@id":"https:\/\/anne-barthelmess.de\/index.php\/feldenkrais-einzelstunden\/","url":"https:\/\/anne-barthelmess.de\/index.php\/feldenkrais-einzelstunden\/","name":"Feldenkrais Einzelstunden Berlin Charlottenburg","isPartOf":{"@id":"https:\/\/anne-barthelmess.de\/#website"},"datePublished":"2025-07-23T19:06:47+00:00","dateModified":"2026-04-09T06:23:16+00:00","description":"Feldenkrais Einzelstunden sind individuell und vertraulich f\u00fcr Leichtigkeit, Balance und Selbstbewusstsein.","breadcrumb":{"@id":"https:\/\/anne-barthelmess.de\/index.php\/feldenkrais-einzelstunden\/#breadcrumb"},"inLanguage":"de","potentialAction":[{"@type":"ReadAction","target":["https:\/\/anne-barthelmess.de\/index.php\/feldenkrais-einzelstunden\/"]}]},{"@type":"BreadcrumbList","@id":"https:\/\/anne-barthelmess.de\/index.php\/feldenkrais-einzelstunden\/#breadcrumb","itemListElement":[{"@type":"ListItem","position":1,"name":"Startseite","item":"https:\/\/anne-barthelmess.de\/index.php\/startseite\/"},{"@type":"ListItem","position":2,"name":"Feldenkrais Einzelstunden Berlin Charlottenburg"}]},{"@type":"WebSite","@id":"https:\/\/anne-barthelmess.de\/#website","url":"https:\/\/anne-barthelmess.de\/","name":"Anne Barthelme\u00df","description":"Feldenkrais als Einzelstunde und Gruppenstunde in Berlin Charlottenburg","publisher":{"@id":"https:\/\/anne-barthelmess.de\/#\/schema\/person\/b0108bfd55dfd6a45f19d6755e1c76d5"},"potentialAction":[{"@type":"SearchAction","target":{"@type":"EntryPoint","urlTemplate":"https:\/\/anne-barthelmess.de\/?s={search_term_string}"},"query-input":{"@type":"PropertyValueSpecification","valueRequired":true,"valueName":"search_term_string"}}],"inLanguage":"de"},{"@type":["Person","Organization"],"@id":"https:\/\/anne-barthelmess.de\/#\/schema\/person\/b0108bfd55dfd6a45f19d6755e1c76d5","name":"admin","image":{"@type":"ImageObject","inLanguage":"de","@id":"https:\/\/anne-barthelmess.de\/#\/schema\/person\/image\/","url":"https:\/\/anne-barthelmess.de\/wordpress\/wp-content\/uploads\/2025\/06\/cropped-anne_thumb.jpg","contentUrl":"https:\/\/anne-barthelmess.de\/wordpress\/wp-content\/uploads\/2025\/06\/cropped-anne_thumb.jpg","width":67,"height":72,"caption":"admin"},"logo":{"@id":"https:\/\/anne-barthelmess.de\/#\/schema\/person\/image\/"},"sameAs":["https:\/\/anne-barthelmess.de\/wordpress"]}]}},"_links":{"self":[{"href":"https:\/\/anne-barthelmess.de\/index.php\/wp-json\/wp\/v2\/pages\/117","targetHints":{"allow":["GET"]}}],"collection":[{"href":"https:\/\/anne-barthelmess.de\/index.php\/wp-json\/wp\/v2\/pages"}],"about":[{"href":"https:\/\/anne-barthelmess.de\/index.php\/wp-json\/wp\/v2\/types\/page"}],"author":[{"embeddable":true,"href":"https:\/\/anne-barthelmess.de\/index.php\/wp-json\/wp\/v2\/users\/1"}],"replies":[{"embeddable":true,"href":"https:\/\/anne-barthelmess.de\/index.php\/wp-json\/wp\/v2\/comments?post=117"}],"version-history":[{"count":19,"href":"https:\/\/anne-barthelmess.de\/index.php\/wp-json\/wp\/v2\/pages\/117\/revisions"}],"predecessor-version":[{"id":612,"href":"https:\/\/anne-barthelmess.de\/index.php\/wp-json\/wp\/v2\/pages\/117\/revisions\/612"}],"wp:attachment":[{"href":"https:\/\/anne-barthelmess.de\/index.php\/wp-json\/wp\/v2\/media?parent=117"}],"curies":[{"name":"wp","href":"https:\/\/api.w.org\/{rel}","templated":true}]}}