{"id":121,"date":"2025-07-23T19:13:32","date_gmt":"2025-07-23T19:13:32","guid":{"rendered":"https:\/\/anne-barthelmess.de\/wordpress\/?page_id=121"},"modified":"2026-03-21T15:37:49","modified_gmt":"2026-03-21T15:37:49","slug":"feldenkrais-gruppenkurse","status":"publish","type":"page","link":"https:\/\/anne-barthelmess.de\/index.php\/feldenkrais-gruppenkurse\/","title":{"rendered":"Feldenkrais Premium Gruppenkurse"},"content":{"rendered":"\n<style type=\"text\/css\" data-created_by=\"avia_inline_auto\" id=\"style-css-av-r9g-3d83792816036cdb48de06cc2bb8f48d\">\n#top .flex_column.av-r9g-3d83792816036cdb48de06cc2bb8f48d{\nmargin-top:0px;\nmargin-bottom:0px;\n}\n.responsive #top #wrap_all .flex_column.av-r9g-3d83792816036cdb48de06cc2bb8f48d{\nmargin-top:0px;\nmargin-bottom:0px;\n}\n<\/style>\n<div  class='flex_column av-r9g-3d83792816036cdb48de06cc2bb8f48d av_two_third  avia-builder-el-0  el_before_av_one_third  avia-builder-el-first  first flex_column_div  '     ><section  class='av_textblock_section av-md5v4wbr-69aa5834cc0b03d1ff38de9531e9b9b1 '   itemscope=\"itemscope\" itemtype=\"https:\/\/schema.org\/CreativeWork\" ><div class='avia_textblock'  itemprop=\"text\" ><h1>Feldenkrais Premium Kurse<\/h1>\n<h3>Das ganz Besondere: meine unterst\u00fctzende Begleitung<br \/>\npers\u00f6nlich und individuell<\/h3>\n<p><span style=\"font-size: 12pt;\">Sich selbst sp\u00fcren, sein Potential entfalten und in den Flow kommen.<\/span><\/p>\n<p><span style=\"font-size: 12pt;\">Du hast meine volle Aufmerksamkeit bei nur 4 &#8211; 6 Teilnehmern in einem gesch\u00fctzten Raum.<\/span><\/p>\n<p><span style=\"font-size: 12pt;\">Flexibel: alle online Kurse stehen dir als Ausweichtermine zur Verf\u00fcgung.<\/span><br \/>\n<span style=\"font-size: 12pt;\">\u00a0<\/span><br \/>\n<span style=\"font-size: 12pt;\">Eine Probestunde ist\u00a0einmalig gratis m\u00f6glich, nach Absprache und bei freien Pl\u00e4tzen. Auch geeignet f\u00fcr Anf\u00e4nger*innen mit Neugier und Offenheit.<\/span><\/p>\n<h4><\/h4>\n<\/div><\/section><\/div>\n\n<style type=\"text\/css\" data-created_by=\"avia_inline_auto\" id=\"style-css-av-2yce-1b63bbf9ff1ef7677df5a5d10795e8f2\">\n#top .flex_column.av-2yce-1b63bbf9ff1ef7677df5a5d10795e8f2{\nmargin-top:0px;\nmargin-bottom:0px;\n}\n.responsive #top #wrap_all .flex_column.av-2yce-1b63bbf9ff1ef7677df5a5d10795e8f2{\nmargin-top:0px;\nmargin-bottom:0px;\n}\n<\/style>\n<div  class='flex_column av-2yce-1b63bbf9ff1ef7677df5a5d10795e8f2 av_one_third  avia-builder-el-2  el_after_av_two_third  el_before_av_two_fifth  flex_column_div  '     ><style type=\"text\/css\" data-created_by=\"avia_inline_auto\" id=\"style-css-av-md5v6kpy-c11c4b29819aa0e034705b6c34f5e7bb\">\n.avia-image-container.av-md5v6kpy-c11c4b29819aa0e034705b6c34f5e7bb img.avia_image{\nbox-shadow:none;\n}\n.avia-image-container.av-md5v6kpy-c11c4b29819aa0e034705b6c34f5e7bb .av-image-caption-overlay-center{\ncolor:#ffffff;\n}\n<\/style>\n<div  class='avia-image-container av-md5v6kpy-c11c4b29819aa0e034705b6c34f5e7bb av-styling- avia-align-center  avia-builder-el-3  avia-builder-el-no-sibling '   itemprop=\"image\" itemscope=\"itemscope\" itemtype=\"https:\/\/schema.org\/ImageObject\" ><div class=\"avia-image-container-inner\"><div class=\"avia-image-overlay-wrap\"><img decoding=\"async\" fetchpriority=\"high\" class='wp-image-123 avia-img-lazy-loading-not-123 avia_image ' src=\"https:\/\/anne-barthelmess.de\/wp-content\/uploads\/2025\/07\/gruppenstunden.jpg\" alt='Feldenkrais Gruppenkurse in Berlin Charlottenburg' title='Feldenkrais Gruppenkurse in Berlin Charlottenburg'  height=\"248\" width=\"463\"  itemprop=\"thumbnailUrl\" srcset=\"https:\/\/anne-barthelmess.de\/wp-content\/uploads\/2025\/07\/gruppenstunden.jpg 463w, https:\/\/anne-barthelmess.de\/wp-content\/uploads\/2025\/07\/gruppenstunden-300x161.jpg 300w\" sizes=\"(max-width: 463px) 100vw, 463px\" \/><\/div><\/div><\/div><\/div>\n\n<style type=\"text\/css\" data-created_by=\"avia_inline_auto\" id=\"style-css-av-mdox7w8j-60d79549aa03c74d5c98d4d1b1b991fc\">\n#top .flex_column.av-mdox7w8j-60d79549aa03c74d5c98d4d1b1b991fc{\nmargin-top:0px;\nmargin-bottom:0px;\n}\n.flex_column.av-mdox7w8j-60d79549aa03c74d5c98d4d1b1b991fc{\nwidth:39.4%;\npadding:20px 20px 20px 20px;\nbackground-color:#f7f7f7;\n}\n.responsive #top #wrap_all .flex_column.av-mdox7w8j-60d79549aa03c74d5c98d4d1b1b991fc{\nmargin-top:0px;\nmargin-bottom:0px;\n}\n<\/style>\n<div  class='flex_column av-mdox7w8j-60d79549aa03c74d5c98d4d1b1b991fc av_two_fifth  avia-builder-el-4  el_after_av_one_third  el_before_av_one_third  first flex_column_div  column-top-margin'     ><section  class='av_textblock_section av-mdox34j3-26304bb2d6dd39b87c157368d863018f '   itemscope=\"itemscope\" itemtype=\"https:\/\/schema.org\/CreativeWork\" ><div class='avia_textblock'  itemprop=\"text\" ><h3>Feldenkrais Premium Kurse<\/h3>\n<\/div><\/section><br \/>\n<section  class='av_textblock_section av-mktqg7oj-7828e66e96f392042cfbfee96ed181d3 '   itemscope=\"itemscope\" itemtype=\"https:\/\/schema.org\/CreativeWork\" ><div class='avia_textblock'  itemprop=\"text\" ><p><span style=\"font-size: 12pt;\"><strong>ab April 2026<\/strong><\/span><br \/>\n<span style=\"font-size: 12pt;\">6 Termine \/ 120 \u20ac \/ ab 14.4.26 \/ Di 10:30 Uhr<\/span><br \/>\n<span style=\"font-size: 12pt;\">6 Termine \/ 120 \u20ac \/ ab 14.4.26 \/ Di 17:45 Uhr<\/span><br \/>\n<span style=\"font-size: 12pt;\">6 Termine \/ 120 \u20ac \/ ab 14.4.26 \/ Di 19:00 Uhr<\/span><\/p>\n<\/div><\/section><br \/>\n<section  class='av_textblock_section av-mfmzly02-c07c976f78ae828d0a765ae902f16062 '   itemscope=\"itemscope\" itemtype=\"https:\/\/schema.org\/CreativeWork\" ><div class='avia_textblock'  itemprop=\"text\" ><p><span style=\"font-size: 12pt;\"><strong>ab Juni 2026<\/strong><\/span><br \/>\n<span style=\"font-size: 12pt;\">5 Termine \/ 100 \u20ac \/ ab 16.6.26 \/ Di 10:30 Uhr<\/span><br \/>\n<span style=\"font-size: 12pt;\">5 Termine \/ 100 \u20ac \/ ab 16.6.26 \/ Di 17:45 Uhr<\/span><br \/>\n<span style=\"font-size: 12pt;\">5 Termine \/ 100 \u20ac \/ ab 16.6.26 \/ Di 19:00 Uhr<\/span><\/p>\n<\/div><\/section><br \/>\n<div  class='avia-button-wrap av-mdox4wyw-562ef89e33a5b5ad8e3304ad58712765-wrap avia-button-left  avia-builder-el-8  el_after_av_textblock  avia-builder-el-last '>\n<style type=\"text\/css\" data-created_by=\"avia_inline_auto\" id=\"style-css-av-mdox4wyw-562ef89e33a5b5ad8e3304ad58712765\">\n#top #wrap_all .avia-button.av-mdox4wyw-562ef89e33a5b5ad8e3304ad58712765{\nfont-size:18px;\nbackground-color:#007f9b;\nborder-color:#007f9b;\ncolor:#ffffff;\ntransition:all 0.4s ease-in-out;\n}\n#top #wrap_all .avia-button.av-mdox4wyw-562ef89e33a5b5ad8e3304ad58712765 .avia-svg-icon svg:first-child{\nfill:#ffffff;\nstroke:#ffffff;\n}\n<\/style>\n<a href='mailto:mail@anne-barthelmess.de?subject=Anfrage Premium Kurse'  class='avia-button av-mdox4wyw-562ef89e33a5b5ad8e3304ad58712765 av-link-btn avia-icon_select-yes-left-icon avia-size-large avia-position-left'   aria-label=\"Jetzt anfragen\"><span class='avia_button_icon avia_button_icon_left avia-svg-icon avia-font-svg_entypo-fontello' data-av_svg_icon='mail' data-av_iconset='svg_entypo-fontello'><svg version=\"1.1\" xmlns=\"http:\/\/www.w3.org\/2000\/svg\" width=\"29\" height=\"32\" viewBox=\"0 0 29 32\" preserveAspectRatio=\"xMidYMid meet\" aria-labelledby='av-svg-title-1' aria-describedby='av-svg-desc-1' role=\"graphics-symbol\">\n<title id='av-svg-title-1'>Mail<\/title>\n<desc id='av-svg-desc-1'>Mail<\/desc>\n<path d=\"M0.96 8.448q-1.024-0.576-0.896-1.28 0.064-0.448 0.832-0.448h27.072q1.216 0 0.64 1.024-0.256 0.448-0.768 0.704-0.448 0.192-6.144 3.264t-5.824 3.136q-0.512 0.32-1.472 0.32-0.896 0-1.472-0.32-0.128-0.064-5.824-3.136t-6.144-3.264zM28.16 11.648q0.64-0.32 0.64 0.32v11.776q0 0.512-0.544 1.024t-1.056 0.512h-25.6q-0.512 0-1.056-0.512t-0.544-1.024v-11.776q0-0.64 0.64-0.32l12.288 6.4q0.576 0.32 1.472 0.32t1.472-0.32z\"><\/path>\n<\/svg><\/span><span class='avia_iconbox_title' >Jetzt anfragen<\/span><\/a><\/div><\/p><\/div>\n<style type=\"text\/css\" data-created_by=\"avia_inline_auto\" id=\"style-css-av-7rvpl-6642bac2cc28d7195aeb547d6c833188\">\n#top .flex_column.av-7rvpl-6642bac2cc28d7195aeb547d6c833188{\nmargin-top:0px;\nmargin-bottom:0px;\n}\n.flex_column.av-7rvpl-6642bac2cc28d7195aeb547d6c833188{\nwidth:32.666666666667%;\nmargin-left:1%;\n}\n.responsive #top #wrap_all .flex_column.av-7rvpl-6642bac2cc28d7195aeb547d6c833188{\nmargin-top:0px;\nmargin-bottom:0px;\n}\n<\/style>\n<div  class='flex_column av-7rvpl-6642bac2cc28d7195aeb547d6c833188 av_one_third  avia-builder-el-9  el_after_av_two_fifth  el_before_av_hr  flex_column_div  column-top-margin'     ><div  class='avia-button-wrap av-mdpxd2ud-e3314a0faf8d613970af40e9906635d7-wrap avia-button-left  avia-builder-el-10  avia-builder-el-no-sibling '><a href='https:\/\/anne-barthelmess.de\/wp-content\/uploads\/2025\/12\/Kurs-Terminplan-2026.pdf'  class='avia-button av-mdpxd2ud-e3314a0faf8d613970af40e9906635d7 av-download-btn noLightbox avia-icon_select-yes-left-icon avia-size-small avia-position-left avia-color-theme-color-subtle' download  aria-label=\"2026 Termine im \u00dcberblick\"><span class='avia_button_icon avia_button_icon_left avia-svg-icon avia-font-svg_entypo-fontello' data-av_svg_icon='attach' data-av_iconset='svg_entypo-fontello'><svg version=\"1.1\" xmlns=\"http:\/\/www.w3.org\/2000\/svg\" width=\"30\" height=\"32\" viewBox=\"0 0 30 32\" preserveAspectRatio=\"xMidYMid meet\" aria-labelledby='av-svg-title-2' aria-describedby='av-svg-desc-2' role=\"graphics-symbol\">\n<title id='av-svg-title-2'>Attach<\/title>\n<desc id='av-svg-desc-2'>Attach<\/desc>\n<path d=\"M7.808 31.68q-3.264 0-5.44-2.304-2.304-2.24-2.368-5.312t2.688-6.080l15.872-15.872q2.56-2.56 5.568-1.728 1.408 0.384 2.528 1.504t1.504 2.528q0.832 3.072-1.728 5.632l-15.168 15.168q-1.28 1.28-2.816 1.472-1.536 0.128-2.56-0.896-0.96-0.768-0.864-2.368t1.504-2.944l10.624-10.688q0.768-0.832 1.6 0t0 1.6l-10.624 10.624q-1.408 1.408-0.64 2.24 0.384 0.256 0.768 0.192 0.768-0.128 1.472-0.832l15.168-15.168q1.6-1.6 1.088-3.456-0.512-1.92-2.432-2.432-1.728-0.448-3.456 1.152l-15.808 15.808q-2.112 2.432-2.048 4.576t1.664 3.744q1.6 1.536 3.744 1.6t4.512-1.984l15.872-15.808q0.768-0.768 1.6 0 0.832 0.704 0 1.536l-15.872 15.872q-2.624 2.624-5.952 2.624z\"><\/path>\n<\/svg><\/span><span class='avia_iconbox_title' >2026 Termine im \u00dcberblick<\/span><\/a><\/div><\/div><\/p>\n\n<style type=\"text\/css\" data-created_by=\"avia_inline_auto\" id=\"style-css-av-mepshngx-b7bcb5e28c921a2687a8f01a02cf54c9\">\n#top .hr.hr-invisible.av-mepshngx-b7bcb5e28c921a2687a8f01a02cf54c9{\nheight:30px;\n}\n<\/style>\n<div  class='hr av-mepshngx-b7bcb5e28c921a2687a8f01a02cf54c9 hr-invisible  avia-builder-el-11  el_after_av_one_third  el_before_av_two_fifth '><span class='hr-inner '><span class=\"hr-inner-style\"><\/span><\/span><\/div>\n<div  class='flex_column av-gap8h-141c863713f0cb06bd4d14a1272af929 av_two_fifth  avia-builder-el-12  el_after_av_hr  el_before_av_two_fifth  first flex_column_div  '     ><style type=\"text\/css\" data-created_by=\"avia_inline_auto\" id=\"style-css-av-mepsgyef-27a8aaa52424db19b1dd6a7de2f2c842\">\n.avia-video.av-mepsgyef-27a8aaa52424db19b1dd6a7de2f2c842{\nbackground-image:url(https:\/\/anne-barthelmess.de\/wp-content\/uploads\/2025\/08\/Screenshot-2025-08-24-164252.png);\n}\n<\/style>\n<div  class='avia-video av-mepsgyef-27a8aaa52424db19b1dd6a7de2f2c842 avia-video-16-9 av-preview-image avia-video-load-always avia-video-html5'  itemprop=\"video\" itemtype=\"https:\/\/schema.org\/VideoObject\"  data-original_url='https:\/\/anne-barthelmess.de\/wp-content\/uploads\/2025\/08\/2_5_Felden_Aleman_Moments.mp4'><video class='avia_video' poster=\"https:\/\/anne-barthelmess.de\/wp-content\/uploads\/2025\/08\/Screenshot-2025-08-24-164252.png\"   preload=\"auto\"  controls id='player_121_981290397_700299644'><source src='https:\/\/anne-barthelmess.de\/wp-content\/uploads\/2025\/08\/2_5_Felden_Aleman_Moments.mp4' type='video\/mp4' \/><\/video><\/div><\/div>\n<div  class='flex_column av-6vhtd-940535da2ccfad65b1bb09549ef00ede av_two_fifth  avia-builder-el-14  el_after_av_two_fifth  el_before_av_two_third  flex_column_div  '     ><section  class='av_textblock_section av-mepskzeh-79cc2ff029b9d2378a45ece163d8aa1d '   itemscope=\"itemscope\" itemtype=\"https:\/\/schema.org\/CreativeWork\" ><div class='avia_textblock'  itemprop=\"text\" ><p><strong>Feldenkrais Moments<\/strong><br \/>\nCopyright \u00a9 2014 IFF International\u00a0Feldenkrais\u00ae Federation. Alle Rechte vorbehalten.<br \/>\nMarcela Bretschneider: project leader and director<br \/>\nDiana Sternbach: production assistant<br \/>\nTomas Utillano: cinematographer and editor<br \/>\nSebastian Viggiola: editor<\/p>\n<\/div><\/section><\/div>\n<div  class='flex_column av-41crq1-a2022a78009ff59b0fef29587ab424fc av_two_third  avia-builder-el-16  el_after_av_two_fifth  avia-builder-el-last  first flex_column_div  '     ><p>\n<style type=\"text\/css\" data-created_by=\"avia_inline_auto\" id=\"style-css-av-3dbnfl-1139316bda110bd324fe8a3feac8562e\">\n#top .hr.hr-invisible.av-3dbnfl-1139316bda110bd324fe8a3feac8562e{\nheight:25px;\n}\n<\/style>\n<div  class='hr av-3dbnfl-1139316bda110bd324fe8a3feac8562e hr-invisible  avia-builder-el-17  el_before_av_textblock  avia-builder-el-first '><span class='hr-inner '><span class=\"hr-inner-style\"><\/span><\/span><\/div><br \/>\n<section  class='av_textblock_section av-37b1ld-ec28965a6b8eb23a16d299de1c2bc2cb '   itemscope=\"itemscope\" itemtype=\"https:\/\/schema.org\/CreativeWork\" ><div class='avia_textblock'  itemprop=\"text\" ><h3 style=\"text-align: left;\">Was sagen meine Teilnehmenden<\/h3>\n<\/div><\/section><br \/>\n\n<style type=\"text\/css\" data-created_by=\"avia_inline_auto\" id=\"style-css-av-343otd-b9557dd2b67cc3d29e61924746097507\">\n#top .av-slideshow-ui.av-343otd-b9557dd2b67cc3d29e61924746097507 .avia-slideshow-arrows a{\ncolor:rgba(10,10,10,0.17);\n}\n#top .av-slideshow-ui.av-343otd-b9557dd2b67cc3d29e61924746097507 .avia-slideshow-arrows a.avia-svg-icon svg:first-child{\nstroke:rgba(10,10,10,0.17) !important;\nfill:rgba(10,10,10,0.17) !important;\n}\n<\/style>\n<div  class='avia-testimonial-wrapper av-343otd-b9557dd2b67cc3d29e61924746097507 avia-slider-testimonials avia-slider-1-testimonials avia_animate_when_almost_visible av-large-testimonial-slider av-slideshow-ui av-control-default av-no-slider-navigation av-slider-hover-pause av-slideshow-autoplay av-loop-endless av-loop-manual-endless' data-slideshow-options=\"{&quot;animation&quot;:&quot;fade&quot;,&quot;autoplay&quot;:true,&quot;loop_autoplay&quot;:&quot;endless&quot;,&quot;interval&quot;:5,&quot;loop_manual&quot;:&quot;manual-endless&quot;,&quot;autoplay_stopper&quot;:false,&quot;noNavigation&quot;:false,&quot;bg_slider&quot;:false,&quot;keep_padding&quot;:&quot;&quot;,&quot;hoverpause&quot;:true,&quot;show_slide_delay&quot;:0}\">\n<section class=\"avia-testimonial-row\"><div class='avia-testimonial av-2uib69-ce0b907ed00c5c13845a60ed5894bf08 avia-testimonial-row-1 avia-first-testimonial flex_column no_margin av_one_full'><div class='avia-testimonial_inner'  itemscope=\"itemscope\" itemtype=\"https:\/\/schema.org\/CreativeWork\" ><div class='avia-testimonial-content '><div class='avia-testimonial-markup-entry-content'  itemprop=\"text\" ><p><span style=\"font-size: 12pt;\">Der Kurstermin ist der Fixstern in meiner Woche.<\/span><\/p>\n<\/div><\/div><div class=\"avia-testimonial-meta\"><div class=\"avia-testimonial-arrow-wrap\"><div class=\"avia-arrow\"><\/div><\/div><div class='avia-testimonial-meta-mini'  itemprop=\"author\" itemscope=\"itemscope\" itemtype=\"https:\/\/schema.org\/Person\" ><\/div><\/div><\/div><\/div>\n<div class='avia-testimonial av-2rnu4p-6f393391ef48716c171afaa9007ea286 avia-testimonial-row-1 flex_column no_margin av_one_full'><div class='avia-testimonial_inner'  itemscope=\"itemscope\" itemtype=\"https:\/\/schema.org\/CreativeWork\" ><div class='avia-testimonial-content '><div class='avia-testimonial-markup-entry-content'  itemprop=\"text\" ><p><span style=\"font-size: 12pt;\">Beim Feldenkrais habe ich meine besten Ideen.\u00a0<\/span><\/p>\n<\/div><\/div><div class=\"avia-testimonial-meta\"><div class=\"avia-testimonial-arrow-wrap\"><div class=\"avia-arrow\"><\/div><\/div><div class='avia-testimonial-meta-mini'  itemprop=\"author\" itemscope=\"itemscope\" itemtype=\"https:\/\/schema.org\/Person\" ><\/div><\/div><\/div><\/div>\n<div class='avia-testimonial av-2n3ukx-b92cea6e31688606ce8b28961cd41abf avia-testimonial-row-1 flex_column no_margin av_one_full'><div class='avia-testimonial_inner'  itemscope=\"itemscope\" itemtype=\"https:\/\/schema.org\/CreativeWork\" ><div class='avia-testimonial-content '><div class='avia-testimonial-markup-entry-content'  itemprop=\"text\" ><p><span style=\"font-size: 12pt;\">Danach geht es mir immer besser.\u00a0<\/span><\/p>\n<\/div><\/div><div class=\"avia-testimonial-meta\"><div class=\"avia-testimonial-arrow-wrap\"><div class=\"avia-arrow\"><\/div><\/div><div class='avia-testimonial-meta-mini'  itemprop=\"author\" itemscope=\"itemscope\" itemtype=\"https:\/\/schema.org\/Person\" ><\/div><\/div><\/div><\/div>\n<div class='avia-testimonial av-2gwxw1-12c30ea9f9971279a5b0c84935539c73 avia-testimonial-row-1 flex_column no_margin av_one_full'><div class='avia-testimonial_inner'  itemscope=\"itemscope\" itemtype=\"https:\/\/schema.org\/CreativeWork\" ><div class='avia-testimonial-content '><div class='avia-testimonial-markup-entry-content'  itemprop=\"text\" ><p><span style=\"font-size: 12pt;\">Ich mag es, wie leicht sich danach alles anf\u00fchlt.<\/span><\/p>\n<\/div><\/div><div class=\"avia-testimonial-meta\"><div class=\"avia-testimonial-arrow-wrap\"><div class=\"avia-arrow\"><\/div><\/div><div class='avia-testimonial-meta-mini'  itemprop=\"author\" itemscope=\"itemscope\" itemtype=\"https:\/\/schema.org\/Person\" ><\/div><\/div><\/div><\/div>\n<div class='avia-testimonial av-2b3d4x-ccbbda2987ab428585e10bd09ed8ec57 avia-testimonial-row-1 flex_column no_margin av_one_full'><div class='avia-testimonial_inner'  itemscope=\"itemscope\" itemtype=\"https:\/\/schema.org\/CreativeWork\" ><div class='avia-testimonial-content '><div class='avia-testimonial-markup-entry-content'  itemprop=\"text\" ><p><span style=\"font-size: 12pt;\">Es r\u00e4umt mich innerlich auf.\u00a0<\/span><\/p>\n<\/div><\/div><div class=\"avia-testimonial-meta\"><div class=\"avia-testimonial-arrow-wrap\"><div class=\"avia-arrow\"><\/div><\/div><div class='avia-testimonial-meta-mini'  itemprop=\"author\" itemscope=\"itemscope\" itemtype=\"https:\/\/schema.org\/Person\" ><\/div><\/div><\/div><\/div>\n<div class='avia-testimonial av-24w76p-ea487f3fb53fe515582461ec00214ec8 avia-testimonial-row-1 flex_column no_margin av_one_full'><div class='avia-testimonial_inner'  itemscope=\"itemscope\" itemtype=\"https:\/\/schema.org\/CreativeWork\" ><div class='avia-testimonial-content '><div class='avia-testimonial-markup-entry-content'  itemprop=\"text\" ><p><span style=\"font-size: 12pt;\">Ich kann gar nicht sagen, wie das geschieht, aber es hilft.\u00a0<\/span><\/p>\n<\/div><\/div><div class=\"avia-testimonial-meta\"><div class=\"avia-testimonial-arrow-wrap\"><div class=\"avia-arrow\"><\/div><\/div><div class='avia-testimonial-meta-mini'  itemprop=\"author\" itemscope=\"itemscope\" itemtype=\"https:\/\/schema.org\/Person\" ><\/div><\/div><\/div><\/div>\n<div class='avia-testimonial av-1ykpdd-cb8688dfd3566ae42427b4a0cf21d7b7 avia-testimonial-row-1 flex_column no_margin av_one_full'><div class='avia-testimonial_inner'  itemscope=\"itemscope\" itemtype=\"https:\/\/schema.org\/CreativeWork\" ><div class='avia-testimonial-content '><div class='avia-testimonial-markup-entry-content'  itemprop=\"text\" ><p><span style=\"font-size: 12pt;\">Es regt in mir neue Gedanken an.<\/span><\/p>\n<\/div><\/div><div class=\"avia-testimonial-meta\"><div class=\"avia-testimonial-arrow-wrap\"><div class=\"avia-arrow\"><\/div><\/div><div class='avia-testimonial-meta-mini'  itemprop=\"author\" itemscope=\"itemscope\" itemtype=\"https:\/\/schema.org\/Person\" ><\/div><\/div><\/div><\/div>\n<div class='avia-testimonial av-1s546h-67e4780e3bd77ad1d4da2e10a4f3b153 avia-testimonial-row-1 flex_column no_margin av_one_full'><div class='avia-testimonial_inner'  itemscope=\"itemscope\" itemtype=\"https:\/\/schema.org\/CreativeWork\" ><div class='avia-testimonial-content '><div class='avia-testimonial-markup-entry-content'  itemprop=\"text\" ><p><span style=\"font-size: 12pt;\">Ich schlafe dadurch besser.\u00a0<\/span><\/p>\n<\/div><\/div><div class=\"avia-testimonial-meta\"><div class=\"avia-testimonial-arrow-wrap\"><div class=\"avia-arrow\"><\/div><\/div><div class='avia-testimonial-meta-mini'  itemprop=\"author\" itemscope=\"itemscope\" itemtype=\"https:\/\/schema.org\/Person\" ><\/div><\/div><\/div><\/div>\n<div class='avia-testimonial av-1ksmkp-31b61e60e3f76ccd2913ee8758ad5fda avia-testimonial-row-1 flex_column no_margin av_one_full'><div class='avia-testimonial_inner'  itemscope=\"itemscope\" itemtype=\"https:\/\/schema.org\/CreativeWork\" ><div class='avia-testimonial-content '><div class='avia-testimonial-markup-entry-content'  itemprop=\"text\" ><p><span style=\"font-size: 12pt;\">Ich freue mich immer auf die anderen, alleine w\u00fcrde ich das doch nicht tun.<\/span><\/p>\n<\/div><\/div><div class=\"avia-testimonial-meta\"><div class=\"avia-testimonial-arrow-wrap\"><div class=\"avia-arrow\"><\/div><\/div><div class='avia-testimonial-meta-mini'  itemprop=\"author\" itemscope=\"itemscope\" itemtype=\"https:\/\/schema.org\/Person\" ><\/div><\/div><\/div><\/div>\n<div class='avia-testimonial av-4vo61-666e4f9cfcf12b57bc2c97da19813646 avia-testimonial-row-1 flex_column no_margin av_one_full'><div class='avia-testimonial_inner'  itemscope=\"itemscope\" itemtype=\"https:\/\/schema.org\/CreativeWork\" ><div class='avia-testimonial-content '><div class='avia-testimonial-markup-entry-content'  itemprop=\"text\" ><p><span style=\"font-size: 12pt;\">Es ist wie Rost aus den Knochen sch\u00fctteln.\u00a0<\/span><\/p>\n<\/div><\/div><div class=\"avia-testimonial-meta\"><div class=\"avia-testimonial-arrow-wrap\"><div class=\"avia-arrow\"><\/div><\/div><div class='avia-testimonial-meta-mini'  itemprop=\"author\" itemscope=\"itemscope\" itemtype=\"https:\/\/schema.org\/Person\" ><\/div><\/div><\/div><\/div>\n<div class='avia-testimonial av-1acx41-9266d50b47ee9009595d4d28b16681e8 avia-testimonial-row-1 flex_column no_margin av_one_full'><div class='avia-testimonial_inner'  itemscope=\"itemscope\" itemtype=\"https:\/\/schema.org\/CreativeWork\" ><div class='avia-testimonial-content '><div class='avia-testimonial-markup-entry-content'  itemprop=\"text\" ><p><span style=\"font-size: 12pt;\">Ich mag mich wieder.\u00a0<\/span><\/p>\n<\/div><\/div><div class=\"avia-testimonial-meta\"><div class=\"avia-testimonial-arrow-wrap\"><div class=\"avia-arrow\"><\/div><\/div><div class='avia-testimonial-meta-mini'  itemprop=\"author\" itemscope=\"itemscope\" itemtype=\"https:\/\/schema.org\/Person\" ><\/div><\/div><\/div><\/div>\n<div class='avia-testimonial av-10joah-83444c89f55f89f0d7663d94507f768e avia-testimonial-row-1 flex_column no_margin av_one_full'><div class='avia-testimonial_inner'  itemscope=\"itemscope\" itemtype=\"https:\/\/schema.org\/CreativeWork\" ><div class='avia-testimonial-content '><div class='avia-testimonial-markup-entry-content'  itemprop=\"text\" ><p><span style=\"font-size: 12pt;\">Oft denke ich, das geht doch gar nicht und dann geht es doch.<\/span><\/p>\n<\/div><\/div><div class=\"avia-testimonial-meta\"><div class=\"avia-testimonial-arrow-wrap\"><div class=\"avia-arrow\"><\/div><\/div><div class='avia-testimonial-meta-mini'  itemprop=\"author\" itemscope=\"itemscope\" itemtype=\"https:\/\/schema.org\/Person\" ><\/div><\/div><\/div><\/div>\n<div class='avia-testimonial av-w268x-a2b972d7932767cb15575e03470ff603 avia-testimonial-row-1 flex_column no_margin av_one_full'><div class='avia-testimonial_inner'  itemscope=\"itemscope\" itemtype=\"https:\/\/schema.org\/CreativeWork\" ><div class='avia-testimonial-content '><div class='avia-testimonial-markup-entry-content'  itemprop=\"text\" ><p><span style=\"font-size: 12pt;\">Die pr\u00e4zisen Anweisungen geben mir Sicherheit.<\/span><\/p>\n<\/div><\/div><div class=\"avia-testimonial-meta\"><div class=\"avia-testimonial-arrow-wrap\"><div class=\"avia-arrow\"><\/div><\/div><div class='avia-testimonial-meta-mini'  itemprop=\"author\" itemscope=\"itemscope\" itemtype=\"https:\/\/schema.org\/Person\" ><\/div><\/div><\/div><\/div>\n<div class='avia-testimonial av-ozv5l-bfb620cda082cee847a2ee0c58d5e1c0 avia-testimonial-row-1 flex_column no_margin av_one_full'><div class='avia-testimonial_inner'  itemscope=\"itemscope\" itemtype=\"https:\/\/schema.org\/CreativeWork\" ><div class='avia-testimonial-content '><div class='avia-testimonial-markup-entry-content'  itemprop=\"text\" ><p><span style=\"font-size: 12pt;\">Annes Stimme tr\u00e4gt mich.<\/span><\/p>\n<\/div><\/div><div class=\"avia-testimonial-meta\"><div class=\"avia-testimonial-arrow-wrap\"><div class=\"avia-arrow\"><\/div><\/div><div class='avia-testimonial-meta-mini'  itemprop=\"author\" itemscope=\"itemscope\" itemtype=\"https:\/\/schema.org\/Person\" ><\/div><\/div><\/div><\/div>\n<div class='avia-testimonial av-jmxxt-ea0fcb21934c0b48632af3516df1ceac avia-testimonial-row-1 flex_column no_margin av_one_full'><div class='avia-testimonial_inner'  itemscope=\"itemscope\" itemtype=\"https:\/\/schema.org\/CreativeWork\" ><div class='avia-testimonial-content '><div class='avia-testimonial-markup-entry-content'  itemprop=\"text\" ><p><span style=\"font-size: 12pt;\">Es werden sprachlich neue R\u00e4ume er\u00f6ffnet, in die ich gerne folge.<\/span><\/p>\n<\/div><\/div><div class=\"avia-testimonial-meta\"><div class=\"avia-testimonial-arrow-wrap\"><div class=\"avia-arrow\"><\/div><\/div><div class='avia-testimonial-meta-mini'  itemprop=\"author\" itemscope=\"itemscope\" itemtype=\"https:\/\/schema.org\/Person\" ><\/div><\/div><\/div><\/div>\n<div class='avia-testimonial av-e5iop-9dc3c7c05a55ec04bf5cd910686367f2 avia-testimonial-row-1 flex_column no_margin av_one_full'><div class='avia-testimonial_inner'  itemscope=\"itemscope\" itemtype=\"https:\/\/schema.org\/CreativeWork\" ><div class='avia-testimonial-content '><div class='avia-testimonial-markup-entry-content'  itemprop=\"text\" ><p><span style=\"font-size: 12pt;\">Endlich ist das, was ich tue gut genug, wie toll ist das denn?!<\/span><\/p>\n<\/div><\/div><div class=\"avia-testimonial-meta\"><div class=\"avia-testimonial-arrow-wrap\"><div class=\"avia-arrow\"><\/div><\/div><div class='avia-testimonial-meta-mini'  itemprop=\"author\" itemscope=\"itemscope\" itemtype=\"https:\/\/schema.org\/Person\" ><\/div><\/div><\/div><\/div>\n<\/section><div class='avia-slideshow-arrows avia-slideshow-controls' ><a href='#prev' class='prev-slide  avia-svg-icon avia-font-svg_entypo-fontello' data-av_svg_icon='left-open-big' data-av_iconset='svg_entypo-fontello' tabindex='-1' title=\"Zur\u00fcck\"><svg version=\"1.1\" xmlns=\"http:\/\/www.w3.org\/2000\/svg\" width=\"15\" height=\"32\" viewBox=\"0 0 15 32\" preserveAspectRatio=\"xMidYMid meet\" aria-labelledby='av-svg-title-3' aria-describedby='av-svg-desc-3' role=\"graphics-symbol\" aria-hidden=\"true\">\n<title id='av-svg-title-3'>Zur\u00fcck<\/title>\n<desc id='av-svg-desc-3'>Zur\u00fcck<\/desc>\n<path d=\"M14.464 27.84q0.832 0.832 0 1.536-0.832 0.832-1.536 0l-12.544-12.608q-0.768-0.768 0-1.6l12.544-12.608q0.704-0.832 1.536 0 0.832 0.704 0 1.536l-11.456 11.904z\"><\/path>\n<\/svg><span class='avia_hidden_link_text'>Zur\u00fcck<\/span><\/a><a href='#next' class='next-slide  avia-svg-icon avia-font-svg_entypo-fontello' data-av_svg_icon='right-open-big' data-av_iconset='svg_entypo-fontello' tabindex='-1' title=\"Weiter\"><svg version=\"1.1\" xmlns=\"http:\/\/www.w3.org\/2000\/svg\" width=\"15\" height=\"32\" viewBox=\"0 0 15 32\" preserveAspectRatio=\"xMidYMid meet\" aria-labelledby='av-svg-title-4' aria-describedby='av-svg-desc-4' role=\"graphics-symbol\" aria-hidden=\"true\">\n<title id='av-svg-title-4'>Weiter<\/title>\n<desc id='av-svg-desc-4'>Weiter<\/desc>\n<path d=\"M0.416 27.84l11.456-11.84-11.456-11.904q-0.832-0.832 0-1.536 0.832-0.832 1.536 0l12.544 12.608q0.768 0.832 0 1.6l-12.544 12.608q-0.704 0.832-1.536 0-0.832-0.704 0-1.536z\"><\/path>\n<\/svg><span class='avia_hidden_link_text'>Weiter<\/span><\/a><\/div><\/div><\/p><\/div>\n","protected":false},"excerpt":{"rendered":"","protected":false},"author":1,"featured_media":0,"parent":0,"menu_order":0,"comment_status":"closed","ping_status":"open","template":"","meta":{"footnotes":""},"class_list":["post-121","page","type-page","status-publish","hentry"],"yoast_head":"<!-- This site is optimized with the Yoast SEO plugin v26.5 - https:\/\/yoast.com\/wordpress\/plugins\/seo\/ -->\n<title>Feldenkrais Premium Gruppenkurse - Anne Barthelme\u00df<\/title>\n<meta name=\"description\" content=\"Feldenkrais Premium Kurse f\u00fcr 4 - 6 Teilnehmern in Berlin Charlottenburg Wilmersdorf.\" \/>\n<meta name=\"robots\" content=\"index, follow, max-snippet:-1, max-image-preview:large, max-video-preview:-1\" \/>\n<link rel=\"canonical\" href=\"https:\/\/anne-barthelmess.de\/index.php\/feldenkrais-gruppenkurse\/\" \/>\n<meta property=\"og:locale\" content=\"de_DE\" \/>\n<meta property=\"og:type\" content=\"article\" \/>\n<meta property=\"og:title\" content=\"Feldenkrais Premium Gruppenkurse - Anne Barthelme\u00df\" \/>\n<meta property=\"og:description\" content=\"Feldenkrais Premium Kurse f\u00fcr 4 - 6 Teilnehmern in Berlin Charlottenburg Wilmersdorf.\" \/>\n<meta property=\"og:url\" content=\"https:\/\/anne-barthelmess.de\/index.php\/feldenkrais-gruppenkurse\/\" \/>\n<meta property=\"og:site_name\" content=\"Anne Barthelme\u00df\" \/>\n<meta property=\"article:modified_time\" content=\"2026-03-21T15:37:49+00:00\" \/>\n<meta name=\"twitter:card\" content=\"summary_large_image\" \/>\n<meta name=\"twitter:label1\" content=\"Gesch\u00e4tzte Lesezeit\" \/>\n\t<meta name=\"twitter:data1\" content=\"3\u00a0Minuten\" \/>\n<script type=\"application\/ld+json\" class=\"yoast-schema-graph\">{\"@context\":\"https:\/\/schema.org\",\"@graph\":[{\"@type\":\"WebPage\",\"@id\":\"https:\/\/anne-barthelmess.de\/index.php\/feldenkrais-gruppenkurse\/\",\"url\":\"https:\/\/anne-barthelmess.de\/index.php\/feldenkrais-gruppenkurse\/\",\"name\":\"Feldenkrais Premium Gruppenkurse - Anne Barthelme\u00df\",\"isPartOf\":{\"@id\":\"https:\/\/anne-barthelmess.de\/#website\"},\"datePublished\":\"2025-07-23T19:13:32+00:00\",\"dateModified\":\"2026-03-21T15:37:49+00:00\",\"description\":\"Feldenkrais Premium Kurse f\u00fcr 4 - 6 Teilnehmern in Berlin Charlottenburg Wilmersdorf.\",\"breadcrumb\":{\"@id\":\"https:\/\/anne-barthelmess.de\/index.php\/feldenkrais-gruppenkurse\/#breadcrumb\"},\"inLanguage\":\"de\",\"potentialAction\":[{\"@type\":\"ReadAction\",\"target\":[\"https:\/\/anne-barthelmess.de\/index.php\/feldenkrais-gruppenkurse\/\"]}]},{\"@type\":\"BreadcrumbList\",\"@id\":\"https:\/\/anne-barthelmess.de\/index.php\/feldenkrais-gruppenkurse\/#breadcrumb\",\"itemListElement\":[{\"@type\":\"ListItem\",\"position\":1,\"name\":\"Startseite\",\"item\":\"https:\/\/anne-barthelmess.de\/index.php\/startseite\/\"},{\"@type\":\"ListItem\",\"position\":2,\"name\":\"Feldenkrais Premium Gruppenkurse\"}]},{\"@type\":\"WebSite\",\"@id\":\"https:\/\/anne-barthelmess.de\/#website\",\"url\":\"https:\/\/anne-barthelmess.de\/\",\"name\":\"Anne Barthelme\u00df\",\"description\":\"Feldenkrais als Einzelstunde und Gruppenstunde in Berlin Charlottenburg\",\"publisher\":{\"@id\":\"https:\/\/anne-barthelmess.de\/#\/schema\/person\/b0108bfd55dfd6a45f19d6755e1c76d5\"},\"potentialAction\":[{\"@type\":\"SearchAction\",\"target\":{\"@type\":\"EntryPoint\",\"urlTemplate\":\"https:\/\/anne-barthelmess.de\/?s={search_term_string}\"},\"query-input\":{\"@type\":\"PropertyValueSpecification\",\"valueRequired\":true,\"valueName\":\"search_term_string\"}}],\"inLanguage\":\"de\"},{\"@type\":[\"Person\",\"Organization\"],\"@id\":\"https:\/\/anne-barthelmess.de\/#\/schema\/person\/b0108bfd55dfd6a45f19d6755e1c76d5\",\"name\":\"admin\",\"image\":{\"@type\":\"ImageObject\",\"inLanguage\":\"de\",\"@id\":\"https:\/\/anne-barthelmess.de\/#\/schema\/person\/image\/\",\"url\":\"https:\/\/anne-barthelmess.de\/wordpress\/wp-content\/uploads\/2025\/06\/cropped-anne_thumb.jpg\",\"contentUrl\":\"https:\/\/anne-barthelmess.de\/wordpress\/wp-content\/uploads\/2025\/06\/cropped-anne_thumb.jpg\",\"width\":67,\"height\":72,\"caption\":\"admin\"},\"logo\":{\"@id\":\"https:\/\/anne-barthelmess.de\/#\/schema\/person\/image\/\"},\"sameAs\":[\"https:\/\/anne-barthelmess.de\/wordpress\"]}]}<\/script>\n<!-- \/ Yoast SEO plugin. -->","yoast_head_json":{"title":"Feldenkrais Premium Gruppenkurse - Anne Barthelme\u00df","description":"Feldenkrais Premium Kurse f\u00fcr 4 - 6 Teilnehmern in Berlin Charlottenburg Wilmersdorf.","robots":{"index":"index","follow":"follow","max-snippet":"max-snippet:-1","max-image-preview":"max-image-preview:large","max-video-preview":"max-video-preview:-1"},"canonical":"https:\/\/anne-barthelmess.de\/index.php\/feldenkrais-gruppenkurse\/","og_locale":"de_DE","og_type":"article","og_title":"Feldenkrais Premium Gruppenkurse - Anne Barthelme\u00df","og_description":"Feldenkrais Premium Kurse f\u00fcr 4 - 6 Teilnehmern in Berlin Charlottenburg Wilmersdorf.","og_url":"https:\/\/anne-barthelmess.de\/index.php\/feldenkrais-gruppenkurse\/","og_site_name":"Anne Barthelme\u00df","article_modified_time":"2026-03-21T15:37:49+00:00","twitter_card":"summary_large_image","twitter_misc":{"Gesch\u00e4tzte Lesezeit":"3\u00a0Minuten"},"schema":{"@context":"https:\/\/schema.org","@graph":[{"@type":"WebPage","@id":"https:\/\/anne-barthelmess.de\/index.php\/feldenkrais-gruppenkurse\/","url":"https:\/\/anne-barthelmess.de\/index.php\/feldenkrais-gruppenkurse\/","name":"Feldenkrais Premium Gruppenkurse - Anne Barthelme\u00df","isPartOf":{"@id":"https:\/\/anne-barthelmess.de\/#website"},"datePublished":"2025-07-23T19:13:32+00:00","dateModified":"2026-03-21T15:37:49+00:00","description":"Feldenkrais Premium Kurse f\u00fcr 4 - 6 Teilnehmern in Berlin Charlottenburg Wilmersdorf.","breadcrumb":{"@id":"https:\/\/anne-barthelmess.de\/index.php\/feldenkrais-gruppenkurse\/#breadcrumb"},"inLanguage":"de","potentialAction":[{"@type":"ReadAction","target":["https:\/\/anne-barthelmess.de\/index.php\/feldenkrais-gruppenkurse\/"]}]},{"@type":"BreadcrumbList","@id":"https:\/\/anne-barthelmess.de\/index.php\/feldenkrais-gruppenkurse\/#breadcrumb","itemListElement":[{"@type":"ListItem","position":1,"name":"Startseite","item":"https:\/\/anne-barthelmess.de\/index.php\/startseite\/"},{"@type":"ListItem","position":2,"name":"Feldenkrais Premium Gruppenkurse"}]},{"@type":"WebSite","@id":"https:\/\/anne-barthelmess.de\/#website","url":"https:\/\/anne-barthelmess.de\/","name":"Anne Barthelme\u00df","description":"Feldenkrais als Einzelstunde und Gruppenstunde in Berlin Charlottenburg","publisher":{"@id":"https:\/\/anne-barthelmess.de\/#\/schema\/person\/b0108bfd55dfd6a45f19d6755e1c76d5"},"potentialAction":[{"@type":"SearchAction","target":{"@type":"EntryPoint","urlTemplate":"https:\/\/anne-barthelmess.de\/?s={search_term_string}"},"query-input":{"@type":"PropertyValueSpecification","valueRequired":true,"valueName":"search_term_string"}}],"inLanguage":"de"},{"@type":["Person","Organization"],"@id":"https:\/\/anne-barthelmess.de\/#\/schema\/person\/b0108bfd55dfd6a45f19d6755e1c76d5","name":"admin","image":{"@type":"ImageObject","inLanguage":"de","@id":"https:\/\/anne-barthelmess.de\/#\/schema\/person\/image\/","url":"https:\/\/anne-barthelmess.de\/wordpress\/wp-content\/uploads\/2025\/06\/cropped-anne_thumb.jpg","contentUrl":"https:\/\/anne-barthelmess.de\/wordpress\/wp-content\/uploads\/2025\/06\/cropped-anne_thumb.jpg","width":67,"height":72,"caption":"admin"},"logo":{"@id":"https:\/\/anne-barthelmess.de\/#\/schema\/person\/image\/"},"sameAs":["https:\/\/anne-barthelmess.de\/wordpress"]}]}},"_links":{"self":[{"href":"https:\/\/anne-barthelmess.de\/index.php\/wp-json\/wp\/v2\/pages\/121","targetHints":{"allow":["GET"]}}],"collection":[{"href":"https:\/\/anne-barthelmess.de\/index.php\/wp-json\/wp\/v2\/pages"}],"about":[{"href":"https:\/\/anne-barthelmess.de\/index.php\/wp-json\/wp\/v2\/types\/page"}],"author":[{"embeddable":true,"href":"https:\/\/anne-barthelmess.de\/index.php\/wp-json\/wp\/v2\/users\/1"}],"replies":[{"embeddable":true,"href":"https:\/\/anne-barthelmess.de\/index.php\/wp-json\/wp\/v2\/comments?post=121"}],"version-history":[{"count":61,"href":"https:\/\/anne-barthelmess.de\/index.php\/wp-json\/wp\/v2\/pages\/121\/revisions"}],"predecessor-version":[{"id":599,"href":"https:\/\/anne-barthelmess.de\/index.php\/wp-json\/wp\/v2\/pages\/121\/revisions\/599"}],"wp:attachment":[{"href":"https:\/\/anne-barthelmess.de\/index.php\/wp-json\/wp\/v2\/media?parent=121"}],"curies":[{"name":"wp","href":"https:\/\/api.w.org\/{rel}","templated":true}]}}