{"id":179,"date":"2025-07-27T11:20:19","date_gmt":"2025-07-27T11:20:19","guid":{"rendered":"https:\/\/anne-barthelmess.de\/wordpress\/?page_id=179"},"modified":"2025-08-07T12:54:09","modified_gmt":"2025-08-07T12:54:09","slug":"kontakt","status":"publish","type":"page","link":"https:\/\/anne-barthelmess.de\/index.php\/kontakt\/","title":{"rendered":"Anne Barthelmess &#8211; Kontakt"},"content":{"rendered":"<div  class='flex_column av-r9g-251932562e4e152a3d1fd59ce52b76a2 av_two_third  avia-builder-el-0  el_before_av_one_third  avia-builder-el-first  first flex_column_div  '     ><section  class='av_textblock_section av-md5v4wbr-69aa5834cc0b03d1ff38de9531e9b9b1 '   itemscope=\"itemscope\" itemtype=\"https:\/\/schema.org\/CreativeWork\" ><div class='avia_textblock'  itemprop=\"text\" ><h1>Kontakt<\/h1>\n<p><span style=\"font-size: 12pt;\">Ich freue mich auf deine Nachricht!<\/span><br \/>\n<span style=\"font-size: 12pt;\"> Du hast Fragen oder m\u00f6chtest einen Termin vereinbaren?<\/span><br \/>\n<span style=\"font-size: 12pt;\"> Schreib mir, gerne mit deiner Telefonnummer, ich antworte dann so schnell wie m\u00f6glich.<\/span><\/p>\n<p><strong><span style=\"font-size: 12pt;\">Anne Barthelme\u00df &#8211; Weimarer Str. 32 &#8211; 10625 Berlin<\/span><\/strong><br \/>\n<span style=\"font-size: 12pt;\"> Pers\u00f6nlich erreichen Sie mich unter 0172-382 42 68 oder <span style=\"text-decoration: underline;\"><a href=\"mailto:mail@anne-barthelmess.de\">mail@anne-barthelmess.de<\/a><\/span><\/span><\/p>\n<h4><\/h4>\n<\/div><\/section><br \/>\n<section  class='av_textblock_section av-mdll41vg-8a382cef4980ba9cb3ce001a6b387d88 '   itemscope=\"itemscope\" itemtype=\"https:\/\/schema.org\/CreativeWork\" ><div class='avia_textblock'  itemprop=\"text\" ><p><span style=\"font-size: 14pt;\">\n<div class=\"wpcf7 no-js\" id=\"wpcf7-f183-o1\" lang=\"de-DE\" dir=\"ltr\" data-wpcf7-id=\"183\">\n<div class=\"screen-reader-response\"><p role=\"status\" aria-live=\"polite\" aria-atomic=\"true\"><\/p> <ul><\/ul><\/div>\n<form action=\"\/index.php\/wp-json\/wp\/v2\/pages\/179#wpcf7-f183-o1\" method=\"post\" class=\"wpcf7-form init\" aria-label=\"Kontaktformular\" novalidate=\"novalidate\" data-status=\"init\">\n<fieldset class=\"hidden-fields-container\"><input type=\"hidden\" name=\"_wpcf7\" value=\"183\" \/><input type=\"hidden\" name=\"_wpcf7_version\" value=\"6.1.4\" \/><input type=\"hidden\" name=\"_wpcf7_locale\" value=\"de_DE\" \/><input type=\"hidden\" name=\"_wpcf7_unit_tag\" value=\"wpcf7-f183-o1\" \/><input type=\"hidden\" name=\"_wpcf7_container_post\" value=\"0\" \/><input type=\"hidden\" name=\"_wpcf7_posted_data_hash\" value=\"\" \/>\n<\/fieldset>\n<p><label style=\"font-size: 12pt; font-weight: normal\"> Dein Name<br \/>\n<span class=\"wpcf7-form-control-wrap\" data-name=\"your-name\"><input size=\"40\" maxlength=\"400\" class=\"wpcf7-form-control wpcf7-text wpcf7-validates-as-required\" autocomplete=\"name\" aria-required=\"true\" aria-invalid=\"false\" value=\"\" type=\"text\" name=\"your-name\" \/><\/span> <\/label>\n<\/p>\n<p><label style=\"font-size: 12pt; font-weight: normal\"> Deine E-Mail-Adresse<br \/>\n<span class=\"wpcf7-form-control-wrap\" data-name=\"your-email\"><input size=\"40\" maxlength=\"400\" class=\"wpcf7-form-control wpcf7-email wpcf7-validates-as-required wpcf7-text wpcf7-validates-as-email\" autocomplete=\"email\" aria-required=\"true\" aria-invalid=\"false\" value=\"\" type=\"email\" name=\"your-email\" \/><\/span> <\/label>\n<\/p>\n<p><label style=\"font-size: 12pt; font-weight: normal\"> Deine Telefonnummer<br \/>\n<span class=\"wpcf7-form-control-wrap\" data-name=\"tel-42\"><input size=\"40\" maxlength=\"400\" class=\"wpcf7-form-control wpcf7-tel wpcf7-text wpcf7-validates-as-tel\" aria-invalid=\"false\" value=\"\" type=\"tel\" name=\"tel-42\" \/><\/span> <\/label>\n<\/p>\n<p><label style=\"font-size: 12pt; font-weight: normal\"> Betreff<br \/>\n<span class=\"wpcf7-form-control-wrap\" data-name=\"your-subject\"><input size=\"40\" maxlength=\"400\" class=\"wpcf7-form-control wpcf7-text wpcf7-validates-as-required\" aria-required=\"true\" aria-invalid=\"false\" value=\"\" type=\"text\" name=\"your-subject\" \/><\/span> <\/label>\n<\/p>\n<p><label style=\"font-size: 12pt; font-weight: normal\"> Deine Nachricht<br \/>\n<span class=\"wpcf7-form-control-wrap\" data-name=\"your-message\"><textarea cols=\"40\" rows=\"10\" maxlength=\"2000\" class=\"wpcf7-form-control wpcf7-textarea\" aria-invalid=\"false\" name=\"your-message\"><\/textarea><\/span> <\/label>\n<\/p>\n<p><input class=\"wpcf7-form-control wpcf7-submit has-spinner\" type=\"submit\" value=\"Senden\" \/>\n<\/p><div class=\"wpcf7-response-output\" aria-hidden=\"true\"><\/div>\n<\/form>\n<\/div>\n<\/span><\/p>\n<\/div><\/section><br \/>\n\n<style type=\"text\/css\" data-created_by=\"avia_inline_auto\" id=\"style-css-av-me05vl9i-1362c1f6eca19636dc2541e39f3c8f08\">\n#top .hr.hr-invisible.av-me05vl9i-1362c1f6eca19636dc2541e39f3c8f08{\nheight:25px;\n}\n<\/style>\n<div  class='hr av-me05vl9i-1362c1f6eca19636dc2541e39f3c8f08 hr-invisible  avia-builder-el-3  el_after_av_textblock  el_before_av_textblock '><span class='hr-inner '><span class=\"hr-inner-style\"><\/span><\/span><\/div><br \/>\n<section  class='av_textblock_section av-mdll5kya-82edb9e3a42e246a8b4ac33e9a921853 '   itemscope=\"itemscope\" itemtype=\"https:\/\/schema.org\/CreativeWork\" ><div class='avia_textblock'  itemprop=\"text\" ><h1>Newsletter<\/h1>\n<p><span style=\"font-size: 12pt;\">Wenn du regelm\u00e4\u00dfig von mir h\u00f6ren m\u00f6chtest, dann abonniere meinen Newsletter:<\/span><br \/>\n<iframe loading=\"lazy\" style=\"display: left; margin-right: auto; max-width: 100%;\" src=\"https:\/\/075f8f26.sibforms.com\/serve\/MUIFAFwsbGUIcqtaOi4MraYanyKAB5gkLJdQoGTCI1D_DDyK9gbbLE2kttfYI2ZMpKq3-LDJm-T0L7RqzHBMc3FNatweHl9Zh-gmvAZg2yxcneALRaMwIzm9BYFiTI6QQn5ysfUZxoDCZtXguTMPwXLaBuC7j_lOa38pFrclWeE4kqBjmibE_nT0M2En3Dm1QNYnPU4-ZNg9dPXn\" width=\"540\" height=\"600\" frameborder=\"0\" scrolling=\"auto\" allowfullscreen=\"allowfullscreen\"><\/iframe><\/p>\n<\/div><\/section><\/p><\/div><div  class='flex_column av-2yce-1b63bbf9ff1ef7677df5a5d10795e8f2 av_one_third  avia-builder-el-5  el_after_av_two_third  avia-builder-el-last  flex_column_div  '     ><p>\n<style type=\"text\/css\" data-created_by=\"avia_inline_auto\" id=\"style-css-av-md5v6kpy-5899deb2ac0d6bf8e2787961bb490fe4\">\n.avia-image-container.av-md5v6kpy-5899deb2ac0d6bf8e2787961bb490fe4 img.avia_image{\nbox-shadow:none;\n}\n.avia-image-container.av-md5v6kpy-5899deb2ac0d6bf8e2787961bb490fe4 .av-image-caption-overlay-center{\ncolor:#ffffff;\n}\n<\/style>\n<div  class='avia-image-container av-md5v6kpy-5899deb2ac0d6bf8e2787961bb490fe4 av-styling- avia_animated_image av-animated-when-visible-95 pop-up avia-align-center  avia-builder-el-6  el_before_av_hr  avia-builder-el-first '   itemprop=\"image\" itemscope=\"itemscope\" itemtype=\"https:\/\/schema.org\/ImageObject\" ><div class=\"avia-image-container-inner\"><div class=\"avia-image-overlay-wrap\"><img decoding=\"async\" fetchpriority=\"high\" class='wp-image-315 avia-img-lazy-loading-not-315 avia_image ' src=\"https:\/\/anne-barthelmess.de\/wp-content\/uploads\/2025\/08\/anne-barthelmess-kontakt.jpeg\" alt='Anne Barthelmess Feldenkrais Kurse und Einzelstunden' title='Anne Barthelmess'  height=\"480\" width=\"480\"  itemprop=\"thumbnailUrl\" srcset=\"https:\/\/anne-barthelmess.de\/wp-content\/uploads\/2025\/08\/anne-barthelmess-kontakt.jpeg 480w, https:\/\/anne-barthelmess.de\/wp-content\/uploads\/2025\/08\/anne-barthelmess-kontakt-300x300.jpeg 300w, https:\/\/anne-barthelmess.de\/wp-content\/uploads\/2025\/08\/anne-barthelmess-kontakt-80x80.jpeg 80w, https:\/\/anne-barthelmess.de\/wp-content\/uploads\/2025\/08\/anne-barthelmess-kontakt-36x36.jpeg 36w, https:\/\/anne-barthelmess.de\/wp-content\/uploads\/2025\/08\/anne-barthelmess-kontakt-180x180.jpeg 180w\" sizes=\"(max-width: 480px) 100vw, 480px\" \/><\/div><\/div><\/div><br \/>\n<div  class='hr av-9sb0b-364da4370c3cd73b0cf0b34ae44f2e2a hr-default  avia-builder-el-7  el_after_av_image  avia-builder-el-last '><span class='hr-inner '><span class=\"hr-inner-style\"><\/span><\/span><\/div><\/p><\/div><\/p>\n","protected":false},"excerpt":{"rendered":"","protected":false},"author":1,"featured_media":0,"parent":0,"menu_order":0,"comment_status":"closed","ping_status":"open","template":"","meta":{"footnotes":""},"class_list":["post-179","page","type-page","status-publish","hentry"],"yoast_head":"<!-- This site is optimized with the Yoast SEO plugin v26.5 - https:\/\/yoast.com\/wordpress\/plugins\/seo\/ -->\n<title>Anne Barthelmess - Kontakt<\/title>\n<meta name=\"description\" content=\"Wenn du dich f\u00fcr mein Angebot interessierst, schreibe mir gern, rufe mich an oder abonniere meinen Newsletter.\" \/>\n<meta name=\"robots\" content=\"index, follow, max-snippet:-1, max-image-preview:large, max-video-preview:-1\" \/>\n<link rel=\"canonical\" href=\"https:\/\/anne-barthelmess.de\/index.php\/kontakt\/\" \/>\n<meta property=\"og:locale\" content=\"de_DE\" \/>\n<meta property=\"og:type\" content=\"article\" \/>\n<meta property=\"og:title\" content=\"Anne Barthelmess - Kontakt\" \/>\n<meta property=\"og:description\" content=\"Wenn du dich f\u00fcr mein Angebot interessierst, schreibe mir gern, rufe mich an oder abonniere meinen Newsletter.\" \/>\n<meta property=\"og:url\" content=\"https:\/\/anne-barthelmess.de\/index.php\/kontakt\/\" \/>\n<meta property=\"og:site_name\" content=\"Anne Barthelme\u00df\" \/>\n<meta property=\"article:modified_time\" content=\"2025-08-07T12:54:09+00:00\" \/>\n<meta name=\"twitter:card\" content=\"summary_large_image\" \/>\n<meta name=\"twitter:label1\" content=\"Gesch\u00e4tzte Lesezeit\" \/>\n\t<meta name=\"twitter:data1\" content=\"1\u00a0Minute\" \/>\n<script type=\"application\/ld+json\" class=\"yoast-schema-graph\">{\"@context\":\"https:\/\/schema.org\",\"@graph\":[{\"@type\":\"WebPage\",\"@id\":\"https:\/\/anne-barthelmess.de\/index.php\/kontakt\/\",\"url\":\"https:\/\/anne-barthelmess.de\/index.php\/kontakt\/\",\"name\":\"Anne Barthelmess - Kontakt\",\"isPartOf\":{\"@id\":\"https:\/\/anne-barthelmess.de\/#website\"},\"datePublished\":\"2025-07-27T11:20:19+00:00\",\"dateModified\":\"2025-08-07T12:54:09+00:00\",\"description\":\"Wenn du dich f\u00fcr mein Angebot interessierst, schreibe mir gern, rufe mich an oder abonniere meinen Newsletter.\",\"breadcrumb\":{\"@id\":\"https:\/\/anne-barthelmess.de\/index.php\/kontakt\/#breadcrumb\"},\"inLanguage\":\"de\",\"potentialAction\":[{\"@type\":\"ReadAction\",\"target\":[\"https:\/\/anne-barthelmess.de\/index.php\/kontakt\/\"]}]},{\"@type\":\"BreadcrumbList\",\"@id\":\"https:\/\/anne-barthelmess.de\/index.php\/kontakt\/#breadcrumb\",\"itemListElement\":[{\"@type\":\"ListItem\",\"position\":1,\"name\":\"Startseite\",\"item\":\"https:\/\/anne-barthelmess.de\/index.php\/startseite\/\"},{\"@type\":\"ListItem\",\"position\":2,\"name\":\"Anne Barthelmess &#8211; Kontakt\"}]},{\"@type\":\"WebSite\",\"@id\":\"https:\/\/anne-barthelmess.de\/#website\",\"url\":\"https:\/\/anne-barthelmess.de\/\",\"name\":\"Anne Barthelme\u00df\",\"description\":\"Feldenkrais als Einzelstunde und Gruppenstunde in Berlin Charlottenburg\",\"publisher\":{\"@id\":\"https:\/\/anne-barthelmess.de\/#\/schema\/person\/b0108bfd55dfd6a45f19d6755e1c76d5\"},\"potentialAction\":[{\"@type\":\"SearchAction\",\"target\":{\"@type\":\"EntryPoint\",\"urlTemplate\":\"https:\/\/anne-barthelmess.de\/?s={search_term_string}\"},\"query-input\":{\"@type\":\"PropertyValueSpecification\",\"valueRequired\":true,\"valueName\":\"search_term_string\"}}],\"inLanguage\":\"de\"},{\"@type\":[\"Person\",\"Organization\"],\"@id\":\"https:\/\/anne-barthelmess.de\/#\/schema\/person\/b0108bfd55dfd6a45f19d6755e1c76d5\",\"name\":\"admin\",\"image\":{\"@type\":\"ImageObject\",\"inLanguage\":\"de\",\"@id\":\"https:\/\/anne-barthelmess.de\/#\/schema\/person\/image\/\",\"url\":\"https:\/\/anne-barthelmess.de\/wordpress\/wp-content\/uploads\/2025\/06\/cropped-anne_thumb.jpg\",\"contentUrl\":\"https:\/\/anne-barthelmess.de\/wordpress\/wp-content\/uploads\/2025\/06\/cropped-anne_thumb.jpg\",\"width\":67,\"height\":72,\"caption\":\"admin\"},\"logo\":{\"@id\":\"https:\/\/anne-barthelmess.de\/#\/schema\/person\/image\/\"},\"sameAs\":[\"https:\/\/anne-barthelmess.de\/wordpress\"]}]}<\/script>\n<!-- \/ Yoast SEO plugin. -->","yoast_head_json":{"title":"Anne Barthelmess - Kontakt","description":"Wenn du dich f\u00fcr mein Angebot interessierst, schreibe mir gern, rufe mich an oder abonniere meinen Newsletter.","robots":{"index":"index","follow":"follow","max-snippet":"max-snippet:-1","max-image-preview":"max-image-preview:large","max-video-preview":"max-video-preview:-1"},"canonical":"https:\/\/anne-barthelmess.de\/index.php\/kontakt\/","og_locale":"de_DE","og_type":"article","og_title":"Anne Barthelmess - Kontakt","og_description":"Wenn du dich f\u00fcr mein Angebot interessierst, schreibe mir gern, rufe mich an oder abonniere meinen Newsletter.","og_url":"https:\/\/anne-barthelmess.de\/index.php\/kontakt\/","og_site_name":"Anne Barthelme\u00df","article_modified_time":"2025-08-07T12:54:09+00:00","twitter_card":"summary_large_image","twitter_misc":{"Gesch\u00e4tzte Lesezeit":"1\u00a0Minute"},"schema":{"@context":"https:\/\/schema.org","@graph":[{"@type":"WebPage","@id":"https:\/\/anne-barthelmess.de\/index.php\/kontakt\/","url":"https:\/\/anne-barthelmess.de\/index.php\/kontakt\/","name":"Anne Barthelmess - Kontakt","isPartOf":{"@id":"https:\/\/anne-barthelmess.de\/#website"},"datePublished":"2025-07-27T11:20:19+00:00","dateModified":"2025-08-07T12:54:09+00:00","description":"Wenn du dich f\u00fcr mein Angebot interessierst, schreibe mir gern, rufe mich an oder abonniere meinen Newsletter.","breadcrumb":{"@id":"https:\/\/anne-barthelmess.de\/index.php\/kontakt\/#breadcrumb"},"inLanguage":"de","potentialAction":[{"@type":"ReadAction","target":["https:\/\/anne-barthelmess.de\/index.php\/kontakt\/"]}]},{"@type":"BreadcrumbList","@id":"https:\/\/anne-barthelmess.de\/index.php\/kontakt\/#breadcrumb","itemListElement":[{"@type":"ListItem","position":1,"name":"Startseite","item":"https:\/\/anne-barthelmess.de\/index.php\/startseite\/"},{"@type":"ListItem","position":2,"name":"Anne Barthelmess &#8211; Kontakt"}]},{"@type":"WebSite","@id":"https:\/\/anne-barthelmess.de\/#website","url":"https:\/\/anne-barthelmess.de\/","name":"Anne Barthelme\u00df","description":"Feldenkrais als Einzelstunde und Gruppenstunde in Berlin Charlottenburg","publisher":{"@id":"https:\/\/anne-barthelmess.de\/#\/schema\/person\/b0108bfd55dfd6a45f19d6755e1c76d5"},"potentialAction":[{"@type":"SearchAction","target":{"@type":"EntryPoint","urlTemplate":"https:\/\/anne-barthelmess.de\/?s={search_term_string}"},"query-input":{"@type":"PropertyValueSpecification","valueRequired":true,"valueName":"search_term_string"}}],"inLanguage":"de"},{"@type":["Person","Organization"],"@id":"https:\/\/anne-barthelmess.de\/#\/schema\/person\/b0108bfd55dfd6a45f19d6755e1c76d5","name":"admin","image":{"@type":"ImageObject","inLanguage":"de","@id":"https:\/\/anne-barthelmess.de\/#\/schema\/person\/image\/","url":"https:\/\/anne-barthelmess.de\/wordpress\/wp-content\/uploads\/2025\/06\/cropped-anne_thumb.jpg","contentUrl":"https:\/\/anne-barthelmess.de\/wordpress\/wp-content\/uploads\/2025\/06\/cropped-anne_thumb.jpg","width":67,"height":72,"caption":"admin"},"logo":{"@id":"https:\/\/anne-barthelmess.de\/#\/schema\/person\/image\/"},"sameAs":["https:\/\/anne-barthelmess.de\/wordpress"]}]}},"_links":{"self":[{"href":"https:\/\/anne-barthelmess.de\/index.php\/wp-json\/wp\/v2\/pages\/179","targetHints":{"allow":["GET"]}}],"collection":[{"href":"https:\/\/anne-barthelmess.de\/index.php\/wp-json\/wp\/v2\/pages"}],"about":[{"href":"https:\/\/anne-barthelmess.de\/index.php\/wp-json\/wp\/v2\/types\/page"}],"author":[{"embeddable":true,"href":"https:\/\/anne-barthelmess.de\/index.php\/wp-json\/wp\/v2\/users\/1"}],"replies":[{"embeddable":true,"href":"https:\/\/anne-barthelmess.de\/index.php\/wp-json\/wp\/v2\/comments?post=179"}],"version-history":[{"count":19,"href":"https:\/\/anne-barthelmess.de\/index.php\/wp-json\/wp\/v2\/pages\/179\/revisions"}],"predecessor-version":[{"id":404,"href":"https:\/\/anne-barthelmess.de\/index.php\/wp-json\/wp\/v2\/pages\/179\/revisions\/404"}],"wp:attachment":[{"href":"https:\/\/anne-barthelmess.de\/index.php\/wp-json\/wp\/v2\/media?parent=179"}],"curies":[{"name":"wp","href":"https:\/\/api.w.org\/{rel}","templated":true}]}}