{"id":56,"date":"2025-07-16T12:58:46","date_gmt":"2025-07-16T12:58:46","guid":{"rendered":"https:\/\/anne-barthelmess.de\/wordpress\/?page_id=56"},"modified":"2025-07-16T13:03:19","modified_gmt":"2025-07-16T13:03:19","slug":"datenschutzerklaerung","status":"publish","type":"page","link":"https:\/\/anne-barthelmess.de\/index.php\/datenschutzerklaerung\/","title":{"rendered":"Datenschutzerkl\u00e4rung"},"content":{"rendered":"<div  class='flex_column av-r9g-251932562e4e152a3d1fd59ce52b76a2 av_one_full  avia-builder-el-0  avia-builder-el-no-sibling  first flex_column_div  '     ><section  class='av_textblock_section av-md5v4wbr-69aa5834cc0b03d1ff38de9531e9b9b1 '   itemscope=\"itemscope\" itemtype=\"https:\/\/schema.org\/CreativeWork\" ><div class='avia_textblock'  itemprop=\"text\" ><h1>Datenschutzerkl\u00e4rung<\/h1>\n<p><span style=\"font-size: 12pt;\"><strong>Datenschutz und Erhebung personenbezogener Daten<\/strong><\/span><br \/>\n<span style=\"font-size: 12pt;\">Ich freue ich \u00fcber Ihren Besuch auf meiner Internetpr\u00e4senz. Ich nehme den Schutz Ihrer pers\u00f6nlichen Daten ernst und halte mich an die Regeln der gesetzlichen Vorgaben, insbesondere der Datenschutzgesetze und dieser Datenschutzerkl\u00e4rung.<\/span><\/p>\n<p><span style=\"font-size: 12pt;\">Die Nutzung der Webseite ist in der Regel ohne Angabe personenbezogener Daten m\u00f6glich. Soweit auf meinen Seiten personenbezogene Daten (beispielsweise Name, Anschrift oder E-Mail-Adressen) erhoben werden, erfolgt dies, soweit m\u00f6glich, stets auf freiwilliger Basis. Diese Daten werden ohne Ihre ausdr\u00fcckliche Zustimmung nicht an Dritte weitergegeben.<\/span><\/p>\n<p><span style=\"font-size: 12pt;\">Ich weise Sie darauf hin, dass die Daten\u00fcbertragung im Internet (z. B. bei der Kommunikation per E-Mail) Sicherheitsl\u00fccken aufweisen kann. Ein l\u00fcckenloser Schutz der Daten vor dem Zugriff durch Dritte ist nicht m\u00f6glich.<\/span><\/p>\n<p><span style=\"font-size: 12pt;\">Verantwortlicher gem. Art. 4 Abs. 7 EU-Datenschutz-Grundverordnung (DS-GVO) ist Anne Barthelme\u00df Weimarer Str. 32 in 10625 Berlin,\u00a0<a href=\"mailto:mail&#091;at&#093;anne-barthelmess.de\">mail[at]anne-barthelmess.de<\/a>. Alle Angaben \u00fcber mich finden Sie in meinem Impressum.<\/span><\/p>\n<p><span style=\"font-size: 12pt;\">F\u00fcr eine Kontaktaufnahme k\u00f6nnen Sie mir eine E-Mail zusenden. Dabei ist die Angabe einer g\u00fcltigen E-Mail-Adresse erforderlich, um Ihre Anfrage beantworten zu k\u00f6nnen. Sofern Sie dies w\u00fcnschen, k\u00f6nnen Sie hierzu eine E-Mail-Adresse verwenden, die keine R\u00fcckschl\u00fcsse auf Ihre Person zul\u00e4sst. Wenn Sie mir eine E-Mail schreiben, speichere ich die von Ihnen mitgeteilten Daten (z. B. Ihre E-Mail-Adresse, ggf. Ihren Namen und Ihre Telefonnummer), um Ihre Fragen zu beantworten. Ist eine Speicherung nicht mehr erforderlich, l\u00f6sche ich die erhobenen personenbezogenen Daten. Falls eine gesetzliche Aufbewahrungspflicht besteht, schr\u00e4nke ich die Verarbeitung ein. Die Rechtsgrundlage f\u00fcr die Datenverarbeitung zum Zwecke der Kontaktaufnahme bildet Art. 6 Abs. 1 S. 1 lit. f DS-GVO.<\/span><\/p>\n<p><span style=\"font-size: 12pt;\">F\u00fcr einzelne Funktionen meiner Webseite ben\u00f6tigen wir die Mitwirkung von externen Dienstleistern. Dar\u00fcber informiere wir Sie an sp\u00e4terer Stelle dieser Erkl\u00e4rung.<\/span><\/p>\n<p><span style=\"font-size: 12pt;\"><strong>Ma\u00dfgebliche Rechtsgrundlagen<\/strong><\/span><br \/>\n<span style=\"font-size: 12pt;\">Nach Ma\u00dfgabe des Art. 13 DSGVO teile ich Ihnen die Rechtsgrundlagen meiner Datenverarbeitungen mit. Sofern die Rechtsgrundlage in der Datenschutzerkl\u00e4rung nicht genannt wird, gilt Folgendes: Die Rechtsgrundlage f\u00fcr die Einholung von Einwilligungen ist Art. 6 Abs. 1 lit. a und Art. 7 DSGVO, die Rechtsgrundlage f\u00fcr die Verarbeitung zur Erf\u00fcllung meiner Leistungen und Durchf\u00fchrung vertraglicher Ma\u00dfnahmen sowie Beantwortung von Anfragen ist Art. 6 Abs. 1 lit. b DSGVO, die Rechtsgrundlage f\u00fcr die Verarbeitung zur Erf\u00fcllung meiner rechtlichen Verpflichtungen ist Art. 6 Abs. 1 lit. c DSGVO, und die Rechtsgrundlage f\u00fcr die Verarbeitung zur Wahrung meiner berechtigten Interessen ist Art. 6 Abs. 1 lit. f DSGVO.<\/span><\/p>\n<p><span style=\"font-size: 12pt;\"><strong>Ihre Rechte<\/strong><\/span><br \/>\n<span style=\"font-size: 12pt;\">Sie haben gegen\u00fcber mir Rechte hinsichtlich der Sie betreffenden personenbezogenen Daten. Hierbei handelt es sich um das:<\/span><br \/>\n<span style=\"font-size: 12pt;\">Recht auf Auskunft: gem\u00e4\u00df Art. 15 DSGVO k\u00f6nnen Sie Auskunft \u00fcber Ihre von mir verarbeiteten personenbezogenen Daten verlangen.<\/span><br \/>\n<span style=\"font-size: 12pt;\">Recht auf Berichtigung: gem\u00e4\u00df Art. 16 DSGVO k\u00f6nnen Sie unverz\u00fcglich die Berichtigung unrichtiger oder Vervollst\u00e4ndigung Ihrer bei mir gespeicherten personenbezogenen Daten verlangen.<\/span><br \/>\n<span style=\"font-size: 12pt;\">Recht auf L\u00f6schung: gem\u00e4\u00df Art. 17 DSGVO k\u00f6nnen Sie die L\u00f6schung Ihrer bei mir gespeicherten personenbezogenen Daten verlangen.<\/span><br \/>\n<span style=\"font-size: 12pt;\">Recht auf Einschr\u00e4nkung der Verarbeitung: gem\u00e4\u00df Art. 18 DSGVO k\u00f6nnen Sie die Einschr\u00e4nkung der Verarbeitung Ihrer bei mir gespeicherten personenbezogenen Daten verlangen.<\/span><br \/>\n<span style=\"font-size: 12pt;\">Recht auf Widerspruch gegen die Verarbeitung: gem\u00e4\u00df Art. 7 Abs. 3 DSGVO k\u00f6nnen Sie Ihre einmal erteilte Einwilligung jederzeit gegen\u00fcber mir widerrufen.<\/span><br \/>\n<span style=\"font-size: 12pt;\">Recht auf Daten\u00fcbertragbarkeit: gem\u00e4\u00df Art. 20 DSGVO k\u00f6nnen Sie verlangen, Ihre personenbezogenen Daten, die Sie mir bereitgestellt haben, in einem strukturierten, g\u00e4ngigen und maschinenlesebaren Format zu erhalten oder die \u00dcbermittlung an einen anderen Verantwortlichen verlangen.<\/span><br \/>\n<span style=\"font-size: 12pt;\">Sie haben gem\u00e4\u00df Art. 77 DSGVO zudem das Recht, sich bei einer Datenschutz-Aufsichtsbeh\u00f6rde \u00fcber die Verarbeitung Ihrer personenbezogenen Daten durch mich zu beschweren.<\/span><\/p>\n<p><span style=\"font-size: 12pt;\"><strong>Welche personenbezogene Daten werden beim Aufruf meiner Webseite gespeichert?<\/strong><\/span><br \/>\n<span style=\"font-size: 12pt;\">Wenn Sie meine Internetpr\u00e4senz informatorisch nutzen &#8211; also lediglich betrachten -, erheben wir bei deren Aufruf diejenigen personenbezogenen Daten, die Ihr Browser automatisch an den Server meiner Webseite \u00fcbermittelt. Diese Informationen werden tempor\u00e4r in einem sog. Logfile gespeichert. Folgende Informationen werden dabei ohne Ihr Zutun erfasst und bis zur automatisierten L\u00f6schung gespeichert:<\/span><\/p>\n<p><span style=\"font-size: 12pt;\">&#8211; IP-Adresse des anfragenden Rechners<\/span><br \/>\n<span style=\"font-size: 12pt;\">&#8211; Datum und Uhrzeit der Anfrage bzw. des Zugriffs<\/span><br \/>\n<span style=\"font-size: 12pt;\">&#8211; Uhrzeit der Serveranfrage<\/span><br \/>\n<span style=\"font-size: 12pt;\">&#8211; Inhalt der Anforderung (konkrete Seite)<\/span><br \/>\n<span style=\"font-size: 12pt;\">&#8211; Name und URL der abgerufenen Datei<\/span><br \/>\n<span style=\"font-size: 12pt;\">&#8211; Zugriffsstatus\/HTTP-Statuscode<\/span><br \/>\n<span style=\"font-size: 12pt;\">&#8211; jeweils \u00fcbertragene Datenmenge<\/span><br \/>\n<span style=\"font-size: 12pt;\">&#8211; Webseite, von der die Anforderung bzw. der Zugriff erfolgt (Referrer-URL)<\/span><br \/>\n<span style=\"font-size: 12pt;\">&#8211; verwendeter Browser<\/span><br \/>\n<span style=\"font-size: 12pt;\">&#8211; Betriebssystem Ihres Rechners und dessen Oberfl\u00e4che sowie der Name Ihres Providers<\/span><br \/>\n<span style=\"font-size: 12pt;\">&#8211; Sprache und Version der Browsersoftware<\/span><\/p>\n<p><span style=\"font-size: 12pt;\">Diese Daten sind nicht bestimmten Personen zuordenbar. Eine Zusammenf\u00fchrung dieser Daten mit anderen Datenquellen wird nicht vorgenommen. Ich behalte mir vor, diese Daten nachtr\u00e4glich zu pr\u00fcfen, wenn uns konkrete Anhaltspunkte f\u00fcr eine rechtswidrige Nutzung bekannt werden.<\/span><\/p>\n<p><span style=\"font-size: 12pt;\">Die genannten Daten werden verarbeitet, um Ihnen die Webseite anzuzeigen und dabei Stabilit\u00e4t und Sicherheit zu gew\u00e4hrleisten. Insbesondere um einen reibungslosen Verbindungsaufbau und eine komfortable Nutzung der Webseite sicherzustellen sowie f\u00fcr eine Auswertung der Systemsicherheit bzw. Systemstabilit\u00e4t und zu weiteren administrativen Zwecken.<\/span><\/p>\n<p><span style=\"font-size: 12pt;\"><strong>Weitergabe von Daten an Auftragsverarbeitern und Dritten<\/strong><\/span><br \/>\n<span style=\"font-size: 12pt;\">Sofern ich im Rahmen meiner Verarbeitung Daten gegen\u00fcber anderen Personen und Unternehmen (Auftragsverarbeitern oder Dritten) offenbare, sie an diese \u00fcbermittel oder ihnen sonst Zugriff auf die Daten gew\u00e4hren, erfolgt dies nur auf Grundlage einer gesetzlichen Erlaubnis (z.B. wenn eine \u00dcbermittlung der Daten an Dritte, wie an Zahlungsdienstleister, gem. Art. 6 Abs. 1 lit. b DSGVO zur Vertragserf\u00fcllung erforderlich ist), Sie eingewilligt haben, eine rechtliche Verpflichtung dies vorsieht oder auf Grundlage unserer berechtigten Interessen (z. B. beim Einsatz von Beauftragten, Webhostern, etc.).<\/span><\/p>\n<p><span style=\"font-size: 12pt;\">Sofern wir Dritte mit der Verarbeitung von Daten auf Grundlage eines sog. \u201eAuftragsverarbeitungsvertrages\u201c beauftragen, geschieht dies auf Grundlage des Art. 28 DSGVO<\/span><br \/>\n<span style=\"font-size: 12pt;\">Einer Weitergabe von Daten erfolgt nach Art. 6 Abs. 1 S. 1 lit. c DSGVO wenn eine gesetzliche Verpflichtung besteht.<\/span><\/p>\n<p><span style=\"font-size: 12pt;\">Eine Weitergabe erfolgt nach Art. 6 Abs. 1 S. 1 lit. f DSGVO zur Geltendmachung, Aus\u00fcbung oder Verteidigung von Rechtsanspr\u00fcchen falls dies erforderlich ist und kein Grund zur Annahme besteht, dass Sie ein \u00fcberwiegendes schutzw\u00fcrdiges Interesse an der Nichtweitergabe Ihrer Daten haben.<\/span><\/p>\n<p><span style=\"font-size: 12pt;\"><strong>Cookies<\/strong><\/span><br \/>\n<span style=\"font-size: 12pt;\">Diese Webseite speichert Cookies auf Ihrem Endger\u00e4t (Desktop-Rechner, Notebook, Smartphone o. \u00e4.).<\/span><\/p>\n<p><span style=\"font-size: 12pt;\">Dies sind kleine Textdateien, die auf Ihrer Festplatte dem von Ihnen verwendeten Browser zugeordnet gespeichert werden; durch Cookies erh\u00e4lt die Stelle, die den Cookie setzt, bestimmte Informationen. Cookies dienen dazu, mein Internetangebot nutzerfreundlicher und effektiver zu machen. In einem solchen Cookie kann z. B. der Inhalt eines Warenkorbs in einem Onlineshop oder ein Login-Staus gespeichert werden. Ich erhalte durch Cookies nicht unmittelbar Kenntnis von Ihrer Identit\u00e4t. Cookies k\u00f6nnen keine Programme ausf\u00fchren oder Viren auf Ihren Computer \u00fcbertragen.<\/span><\/p>\n<p><span style=\"font-size: 12pt;\">Diese Webseite nutzt ausschlie\u00dflich Session-Cookies. Diese speichern eine sogenannte Session-ID, mit welcher sich verschiedene Anfragen Ihres Browsers der Sitzung zuordnen lassen. Durch Session-Cookies kann erkannt werden, dass Sie einzelne Seiten meiner Webseite bereits besucht haben. Die Session-Cookies werden automatisch gel\u00f6scht, wenn Sie meine Seite verlassen oder Ihren Browser schlie\u00dfen. Sie k\u00f6nnen die Cookies in den Sicherheitseinstellungen Ihres Browsers zudem jederzeit l\u00f6schen.<\/span><\/p>\n<p><span style=\"font-size: 12pt;\">Sie k\u00f6nnen die Webseite auch ohne Cookies besuchen. Sie m\u00fcssen hierzu Ihre Browser-Einstellung so konfigurieren, dass die Annahme von Cookies unterbleibt. In diesem Fall k\u00f6nnen Sie m\u00f6glicherweise nicht alle Funktionen meiner Webseite nutzen. Gespeicherte Cookies k\u00f6nnen in den Systemeinstellungen des Browsers gel\u00f6scht werden. Der Ausschluss von Cookies kann zu Funktionseinschr\u00e4nkungen dieses Onlineangebotes f\u00fchren.<\/span><\/p>\n<p><span style=\"font-size: 12pt;\"><strong>Erhebung von Zugriffsdaten und Logfiles<\/strong><\/span><br \/>\n<span style=\"font-size: 12pt;\">Ich, bzw. mein Hostinganbieter, erhebt auf Grundlage meines berechtigten Interesses im Sinne des Art. 6 Abs. 1 lit. f. DSGVO Daten \u00fcber jeden Zugriff auf den Server, auf dem sich dieser Dienst befindet (sogenannte Serverlogfiles). Zu den Zugriffsdaten geh\u00f6ren Name der abgerufenen Webseite, Datei, Datum und Uhrzeit des Abrufs, \u00fcbertragene Datenmenge, Meldung \u00fcber erfolgreichen Abruf, Browsertyp nebst Version, das Betriebssystem des Nutzers, Referrer URL (die zuvor besuchte Seite), IP-Adresse und der anfragende Provider.<\/span><\/p>\n<p><span style=\"font-size: 12pt;\">Logfile-Informationen werden aus Sicherheitsgr\u00fcnden (z. B. zur Aufkl\u00e4rung von Missbrauchs- oder Betrugshandlungen) f\u00fcr die Dauer von maximal 7 Tagen gespeichert und danach gel\u00f6scht. Daten, deren weitere Aufbewahrung zu Beweiszwecken erforderlich ist, sind bis zur endg\u00fcltigen Kl\u00e4rung des jeweiligen Vorfalls von der L\u00f6schung ausgenommen.<\/span><\/p>\n<div><span style=\"font-size: 12pt;\"><strong>Datenschutzhinweise fu\u0308r Online-Meetings, Telefonkonferenzen und Webinare<\/strong><\/span><\/div>\n<div><span style=\"font-size: 12pt;\">Um an meinem Online-Kurs-Angebot teilnehmen zu k\u00f6nnen, m\u00fcssen die Teilnehmer Folgendes ausdr\u00fccklich zur Kenntnis nehmen und sich damit einverstanden erkl\u00e4ren:<\/span><\/div>\n<div>\n<ul>\n<li><span style=\"font-size: 12pt;\">Alle Teilnehmer k\u00f6nnen die Video-\u00dcbertragung anderer Teilnehmer und deren direktes Umfeld sehen. Wenn dies nicht erw\u00fcnscht ist, kann die\u00a0Kamerafunktion deaktivieren\u00a0oder die Kamera abgedeckt werden, der Teilnehmer wird dann auch nicht mehr von der Lehrerin gesehen.<\/span><\/li>\n<li><span style=\"font-size: 12pt;\">Der Name, der beim Betreten des Online-Meeting-Raums angegeben wird, sollte dem\u00a0vollst\u00e4ndigen eigenen Namen entsprechen, mindestens aber den Vornamen und ersten Buchstaben des Nachnamens,\u00a0und wird den anderen Teilnehmern angezeigt.<\/span><\/li>\n<li><span style=\"font-size: 12pt;\">Alle Teilnehmer k\u00f6nnen h\u00f6ren, was gesagt wird oder was im pers\u00f6nlichen Umfeld zu h\u00f6ren ist, wenn das eigene Mikrofon eingeschaltet ist, wenn das nicht gew\u00fcnscht ist, kann die Mikrofonfunktion<b>\u00a0<\/b>auf stumm geschalten werden<b>,<\/b>\u00a0bzw. auf stumm gestellt bleiben.<\/span><\/li>\n<\/ul>\n<ul>\n<li><span style=\"font-size: 12pt;\">Jeder Teilnehmer respektierst die Online-Kurse als\u00a0gesch\u00fctzten Raum. Alles was w\u00e4hrend des Kurses ge\u00e4u\u00dfert oder gezeigt wird, wird nicht nach au\u00dfen getragen oder kommuniziert.<\/span><\/li>\n<li><span style=\"font-size: 12pt;\">Es ist nicht erlaubt Bild oder Ton eines Online-Kurses oder -Meetings aufzunehmen, weder mit Computerinternen noch mit externen Ger\u00e4ten oder Programmen.<\/span><\/li>\n<\/ul>\n<ul>\n<li><span style=\"font-size: 12pt;\">Die Teilnahme am Online-Meeting oder -Kurs geschieht auf\u00a0eigenes Risiko.\u00a0<\/span><\/li>\n<li><span style=\"font-size: 12pt;\">Die Feldenkrais Methode ist kein Ersatz f\u00fcr medizinische oder psychiatrische Behandlungen.\u00a0Symptome sollten vorher vom Arzt abgekl\u00e4rt worden sein.<\/span><\/li>\n<\/ul>\n<ul>\n<li><span style=\"font-size: 12pt;\">Soweit ich verantwortlich bin, gilt\u00a0meine Datenschutzerkl\u00e4rung.<\/span><\/li>\n<li><span style=\"font-size: 12pt;\">Ich biete meinen Online Kurs \u00fcber die Plattform Zoom an. Sobald die Internetseite von Zoom aufgerufen wird, gelten au\u00dferdem die\u00a0Datenschutzerkl\u00e4rungen von Zoom\u00a0<a href=\"https:\/\/explore.zoom.us\/de\/privacy\/\">https:\/\/explore.zoom.us\/de\/privacy\/<\/a><\/span><\/li>\n<\/ul>\n<\/div>\n<div><span style=\"font-size: 12pt;\">Das Einverst\u00e4ndnis kann jederzeit schriftlich zur\u00fcck genommen werden (es reicht eine E-Mail), allerdings ist dann eine weitere Teilnahme am Online-Kurs oder -Meeting nicht mehr m\u00f6glich.<\/span><\/div>\n<div>\n<div class=\"page\" title=\"Page 1\">\n<div class=\"layoutArea\">\n<div class=\"column\">\n<p><span style=\"font-size: 12pt;\"><strong>Datenschutzhinweise fu\u0308r Online-Meetings, Telefonkonferenzen und Webinare via \u201eZoom\u201c<br \/>\n<\/strong>Ich mo\u0308chte Sie nachfolgend u\u0308ber die Verarbeitung personenbezogener Daten im Zusammenhang mit der Nutzung von\u00a0\u201eZoom\u201c\u00a0informieren.<\/span><\/p>\n<p><span style=\"font-size: 12pt;\"><strong>Zweck der Verarbeitung<br \/>\n<\/strong>Ich nutzen das Tool \u201eZoom\u201c, um Online-Meetings und\/oder Webinare durchzufu\u0308hren (nachfolgend: \u201eOnline-Meetings\u201c). \u201eZoom\u201c ist ein Service der Zoom Video Communications, Inc., die ihren Sitz in den USA hat.<\/span><\/p>\n<p><span style=\"font-size: 12pt;\"><strong>Verantwortlicher<br \/>\n<\/strong>Verantwortlicher\u00a0fu\u0308r Datenverarbeitung, die im unmittelbaren Zusammenhang mit der Durchfu\u0308hrung von \u201eOnline-Meetings\u201c steht, bin ich, Anne Barthelme\u00df.<\/span><\/p>\n<p><span style=\"font-size: 12pt;\">Hinweis:\u00a0Soweit Sie die Internetseite von \u201eZoom\u201c aufrufen, ist der Anbieter von \u201eZoom\u201c fu\u0308r die Datenverarbeitung verantwortlich (Datenschutzerkl\u00e4rung von Zoom:\u00a0<a href=\"https:\/\/explore.zoom.us\/de\/privacy\/\">https:\/\/explore.zoom.us\/de\/privacy\/<\/a>). Ein Aufruf der Internetseite ist fu\u0308r die Nutzung von \u201eZoom\u201c jedoch nur erforderlich, um sich die Software fu\u0308r die Nutzung von \u201eZoom\u201c herunterzuladen.<\/span><\/p>\n<p><span style=\"font-size: 12pt;\">Sie ko\u0308nnen \u201eZoom\u201c auch nutzen, wenn Sie die jeweilige Meeting-ID und ggf. weitere Zugangsdaten zum Meeting direkt in der \u201eZoom\u201c-App eingeben.<\/span><\/p>\n<p><span style=\"font-size: 12pt;\">Wenn Sie die \u201eZoom\u201c-App nicht nutzen wollen oder ko\u0308nnen, dann sind die Basisfunktionen auch u\u0308ber eine Browser-Version nutzbar, die Sie ebenfalls auf der Website von \u201eZoom\u201c finden.<\/span><\/p>\n<p><span style=\"font-size: 12pt;\"><strong>Welche Daten werden verarbeitet?<br \/>\n<\/strong>Bei der Nutzung von \u201eZoom\u201c werden verschiedene Datenarten verarbeitet. Der Umfang der Daten ha\u0308ngt dabei auch davon ab, welche Angaben zu Daten Sie vor bzw. bei der Teilnahme an einem \u201eOnline-Meeting\u201c machen.<\/span><\/p>\n<p><span style=\"font-size: 12pt;\">Folgende personenbezogene Daten sind Gegenstand der Verarbeitung:<\/span><\/p>\n<p><span style=\"font-size: 12pt;\"><strong>Angaben zum Benutzer:\u00a0<\/strong>Vorname, Nachname, Telefon (optional), E-Mail-Adresse, Passwort (wenn \u201eSingle-Sign-On\u201c nicht verwendet wird), Profilbild (optional), Abteilung (optional)<\/span><\/p>\n<\/div>\n<\/div>\n<\/div>\n<div class=\"page\" title=\"Page 2\">\n<div class=\"layoutArea\">\n<div class=\"column\">\n<p><span style=\"font-size: 12pt;\"><strong>Meeting-Metadaten:\u00a0<\/strong>Thema, Beschreibung (optional), Teilnehmer-IP-Adressen, Ge- ra\u0308te-\/Hardware-Informationen<\/span><\/p>\n<p><span style=\"font-size: 12pt;\"><strong>Bei Aufzeichnungen (optional):\u00a0<\/strong>MP4-Datei aller Video-, Audio- und Pra\u0308sentations- aufnahmen, M4A-Datei aller Audioaufnahmen, Textdatei des Online-Meeting-Chats.<\/span><\/p>\n<p><span style=\"font-size: 12pt;\"><strong>Bei Einwahl mit dem Telefon:\u00a0<\/strong>Angabe zur eingehenden und ausgehenden Rufnum- mer, La\u0308ndername, Start- und Endzeit. Ggf. ko\u0308nnen weitere Verbindungsdaten wie z.B. die IP-Adresse des Gera\u0308ts gespeichert werden.<\/span><\/p>\n<p><span style=\"font-size: 12pt;\"><strong>Text-, Audio- und Videodaten:\u00a0<\/strong>Sie haben ggf. die Mo\u0308glichkeit, in einem \u201eOnline- Meeting\u201c die Chat-, Fragen- oder Umfragenfunktionen zu nutzen. Insoweit werden die von Ihnen gemachten Texteingaben verarbeitet, um diese im \u201eOnline-Meeting\u201c anzuzeigen und ggf. zu protokollieren. Um die Anzeige von Video und die Wiedergabe von Audio zu ermo\u0308glichen, werden entsprechend wa\u0308hrend der Dauer des Meetings die Daten vom Mikrofon Ihres Endgera\u0308ts sowie von einer etwaigen Videokamera des Endgera\u0308ts verarbeitet. Sie ko\u0308nnen die Kamera oder das Mikrofon jederzeit selbst u\u0308ber die \u201eZoom\u201c-Applikationen abschalten bzw. stummstellen.<\/span><\/p>\n<p><span style=\"font-size: 12pt;\">Um an einem \u201eOnline-Meeting\u201c teilzunehmen bzw. den \u201eMeeting-Raum\u201c zu betreten, mu\u0308ssen Sie zumindest Angaben zu Ihrem Namen machen.<\/span><\/p>\n<p><span style=\"font-size: 12pt;\"><strong>Umfang der Verarbeitung<br \/>\n<\/strong>Wir verwenden \u201eZoom\u201c, um \u201eOnline-Meetings\u201c durchzufu\u0308hren. Wenn wir \u201eOnline- Meetings\u201c aufzeichnen wollen, werden wir Ihnen das im Vorwege transparent mitteilen und \u2013 soweit erforderlich \u2013 um eine Zustimmung bitten. Die Tatsache der Aufzeichnung wird Ihnen zudem in der \u201eZoom\u201c-App angezeigt.<\/span><\/p>\n<p><span style=\"font-size: 12pt;\">Wenn es fu\u0308r die Zwecke der Protokollierung von Ergebnissen eines Online-Meetings erforderlich ist, werden wir die Chatinhalte protokollieren. Das wird jedoch in der Regel nicht der Fall sein.<\/span><\/p>\n<p><span style=\"font-size: 12pt;\">Im Falle von Webinaren ko\u0308nnen wir fu\u0308r Zwecke der Aufzeichnung und Nachbereitung von Webinaren auch die gestellten Fragen von Webinar-Teilnehmenden verarbeiten.<\/span><\/p>\n<p><span style=\"font-size: 12pt;\">Wenn Sie bei \u201eZoom\u201c als Benutzer registriert sind, dann ko\u0308nnen Berichte u\u0308ber \u201eOnline-Meetings\u201c (Meeting-Metadaten, Daten zur Telefoneinwahl, Fragen und Antworten in Webinaren, Umfragefunktion in Webinaren) bis zu einem Monat bei \u201eZoom\u201c gespeichert werden.<\/span><\/p>\n<p><span style=\"font-size: 12pt;\">Eine automatisierte Entscheidungsfindung i.S.d. Art. 22 DSGVO kommt nicht zum Einsatz.<\/span><\/p>\n<\/div>\n<\/div>\n<\/div>\n<div class=\"page\" title=\"Page 3\">\n<div class=\"layoutArea\">\n<div class=\"column\">\n<p><span style=\"font-size: 12pt;\"><strong>Rechtsgrundlagen der Datenverarbeitung<br \/>\n<\/strong>Soweit personenbezogene Daten von mir verarbeitet werden, ist \u00a7 26 BDSG die Rechtsgrundlage der Datenverarbeitung. Sollten im Zusammenhang mit der Nutzung von \u201eZoom\u201c personenbezogene Daten nicht fu\u0308r die Begru\u0308ndung, Durchfu\u0308hrung oder Beendigung des Bescha\u0308ftigungsverha\u0308ltnisses erforderlich, gleichwohl aber elementarer Bestandteil bei der Nutzung von \u201eZoom\u201c sein, so ist Art. 6 Abs. 1 lit. f) DSGVO die Rechtsgrundlage fu\u0308r die Datenverarbeitung. Unser Interesse besteht in diesen Fa\u0308llen an der effektiven Durchfu\u0308hrung von \u201eOnline-Meetings\u201c.<\/span><\/p>\n<p><span style=\"font-size: 12pt;\">Im U\u0308brigen ist die Rechtsgrundlage fu\u0308r die Datenverarbeitung bei der Durchfu\u0308hrung von \u201eOnline-Meetings\u201c Art. 6 Abs. 1 lit. b) DSGVO, soweit die Meetings im Rahmen von Vertragsbeziehungen durchgefu\u0308hrt werden.<\/span><\/p>\n<p><span style=\"font-size: 12pt;\">Sollte keine vertragliche Beziehung bestehen, ist die Rechtsgrundlage Art. 6 Abs. 1 lit. f) DSGVO. Auch hier besteht unser Interesse an der effektiven Durchfu\u0308hrung von \u201eOnline-Meetings\u201c.<\/span><\/p>\n<p><span style=\"font-size: 12pt;\"><strong>Empfa\u0308nger \/ Weitergabe von Daten<br \/>\n<\/strong>Personenbezogene Daten, die im Zusammenhang mit der Teilnahme an \u201eOnline- Meetings\u201c verarbeitet werden, werden grundsa\u0308tzlich nicht an Dritte weitergegeben, sofern sie nicht gerade zur Weitergabe bestimmt sind.\u00a0<\/span><\/p>\n<p><span style=\"font-size: 12pt;\">Weitere Empfa\u0308nger: Der Anbieter von \u201eZoom\u201c erha\u0308lt notwendigerweise Kenntnis von den o.g. Daten, soweit dies im Rahmen unseres Auftragsverarbeitungsvertrages mit \u201eZoom\u201c vorgesehen ist.<\/span><\/p>\n<p><span style=\"font-size: 12pt;\"><strong>Datenverarbeitung au\u00dferhalb der Europa\u0308ischen Union<br \/>\n<\/strong>\u201eZoom\u201c ist ein Dienst, der von einem Anbieter aus den USA erbracht wird. Eine Ver- arbeitung der personenbezogenen Daten findet damit auch in einem Drittland statt. Wir weisen darauf hin, dass dabei Daten der Nutzer au\u00dferhalb des Raumes der Europa\u0308ischen Union verarbeitet werden ko\u0308nnen. Hierdurch ko\u0308nnen sich fu\u0308r die Nutzer Risiken ergeben, weil so z.B. die Durchsetzung der Rechte der Nutzer erschwert werden ko\u0308nnte.<\/span><\/p>\n<p><span style=\"font-size: 12pt;\"><strong>Sie geben Ihre ausdru\u0308ckliche Zustimmung fu\u0308r die Verarbeitung Ihrer personenbezogenen Daten in einem Drittland.<\/strong><\/span><\/p>\n<\/div>\n<\/div>\n<\/div>\n<\/div>\n<p><span style=\"font-size: 12pt;\"><strong>Kontaktaufnahme<\/strong><\/span><br \/>\n<span style=\"font-size: 12pt;\">Bei der Kontaktaufnahme (z. B. E-Mail, Telefon oder via sozialer Medien) werden die Angaben des Nutzers zur Bearbeitung der Kontaktanfrage und deren Abwicklung gem. Art. 6 Abs. 1 lit. b) DSGVO verarbeitet. Die Angaben der Nutzer k\u00f6nnen in einem Customer-Relationship-Management System (&#8222;CRM System&#8220;) oder vergleichbarer Anfragenorganisation gespeichert werden.<\/span><\/p>\n<p><span style=\"font-size: 12pt;\"><strong>Newsletter<\/strong><\/span><br \/>\n<span style=\"font-size: 12pt;\">Mit den nachfolgenden Hinweisen informiere ich Sie \u00fcber die Inhalte des Newsletters sowie das Anmelde-, Versand- und das statistische Auswertungsverfahren sowie Ihre Widerspruchsrechte auf. Indem Sie den Newsletter abonnieren, erkl\u00e4ren Sie sich mit dem Empfang und den beschriebenen Verfahren einverstanden.<\/span><\/p>\n<p><span style=\"font-size: 12pt;\">Inhalt des Newsletters: Ich versende Newsletter, E-Mails und weitere elektronische Benachrichtigungen mit werblichen Informationen (nachfolgend \u201eNewsletter\u201c) nur mit der Einwilligung der Empf\u00e4nger oder einer gesetzlichen Erlaubnis. Sofern im Rahmen einer Anmeldung zum Newsletter dessen Inhalte konkret umschrieben werden, sind sie f\u00fcr die Einwilligung der Nutzer ma\u00dfgeblich. Im \u00dcbrigen enth\u00e4lt der Newsletter Informationen zu meinen Leistungen.<\/span><\/p>\n<p><span style=\"font-size: 12pt;\">Anmeldedaten: Um sich f\u00fcr den Newsletter anzumelden, reicht es aus, wenn Sie Ihre E-Mailadresse angeben. Optional bitte ich Sie einen Namen, zwecks pers\u00f6nlicher Ansprache im Newsletters anzugeben. Der Versand des Newsletters und die mit ihm verbundene Erfolgsmessung erfolgt auf Grundlage einer Einwilligung der Empf\u00e4nger gem. Art. 6 Abs. 1 lit. a, Art. 7 DSGVO i.V.m \u00a7 7 Abs. 2 Nr. 3 UWG bzw. auf Grundlage der gesetzlichen Erlaubnis gem. \u00a7 7 Abs. 3 UWG.<\/span><\/p>\n<p><span style=\"font-size: 12pt;\">Die Protokollierung des Anmeldeverfahrens erfolgt auf Grundlage meines berechtigten Interessen gem. Art. 6 Abs. 1 lit. f DSGVO. Unser Interesse richtet sich auf den Einsatz eines nutzerfreundlichen sowie sicheren Newslettersystems, das sowohl unseren gesch\u00e4ftlichen Interessen dient, als auch den Erwartungen der Nutzer entspricht und uns ferner den Nachweis von Einwilligungen erlaubt.<\/span><\/p>\n<p><span style=\"font-size: 12pt;\">K\u00fcndigung\/Widerruf &#8211; Sie k\u00f6nnen den Empfang des Newsletters jederzeit k\u00fcndigen, d. h. Ihre Einwilligungen widerrufen. Einen Link zur K\u00fcndigung des Newsletters finden Sie am Ende eines jeden Newsletters. Ich kann die ausgetragenen E-Mail-Adressen bis zu drei Jahren auf Grundlage unserer berechtigten Interessen speichern bevor wir sie f\u00fcr Zwecke des Newsletterversandes l\u00f6schen, um eine ehemals gegebene Einwilligung nachweisen zu k\u00f6nnen. Die Verarbeitung dieser Daten wird auf den Zweck einer m\u00f6glichen Abwehr von Anspr\u00fcchen beschr\u00e4nkt. Ein individueller L\u00f6schungsantrag ist jederzeit m\u00f6glich, sofern zugleich das ehemalige Bestehen einer Einwilligung best\u00e4tigt wird.<\/span><\/p>\n<p><span style=\"font-size: 12pt;\"><strong>Weitere Fragen<\/strong><\/span><br \/>\n<span style=\"font-size: 12pt;\">Konnte unsere Datenschutzerkl\u00e4rung eine Ihrer Fragen nicht beantworten? W\u00fcnschen Sie zu einem Punkt weitere Informationen? Dann lassen Sie mich dies wissen. Ich gebe Ihnen jederzeit gern weitere Auskunft. F\u00fcr alle Anfragen zum Datenschutz wenden Sie sich bitte an folgende E-Mail-Adresse:<\/span><br \/>\n<span style=\"font-size: 12pt;\"><a href=\"mailto:mail&#091;at&#093;anne-barthelmess.de\">mail[at]anne-barthelmess.de<\/a><\/span><\/p>\n<h4><\/h4>\n<\/div><\/section><\/div>\n","protected":false},"excerpt":{"rendered":"","protected":false},"author":1,"featured_media":0,"parent":0,"menu_order":0,"comment_status":"closed","ping_status":"open","template":"","meta":{"footnotes":""},"class_list":["post-56","page","type-page","status-publish","hentry"],"yoast_head":"<!-- This site is optimized with the Yoast SEO plugin v26.5 - https:\/\/yoast.com\/wordpress\/plugins\/seo\/ -->\n<title>Datenschutzerkl\u00e4rung - Anne Barthelme\u00df<\/title>\n<meta name=\"robots\" content=\"index, follow, max-snippet:-1, max-image-preview:large, max-video-preview:-1\" \/>\n<link rel=\"canonical\" href=\"https:\/\/anne-barthelmess.de\/index.php\/datenschutzerklaerung\/\" \/>\n<meta property=\"og:locale\" content=\"de_DE\" \/>\n<meta property=\"og:type\" content=\"article\" \/>\n<meta property=\"og:title\" content=\"Datenschutzerkl\u00e4rung - Anne Barthelme\u00df\" \/>\n<meta property=\"og:url\" content=\"https:\/\/anne-barthelmess.de\/index.php\/datenschutzerklaerung\/\" \/>\n<meta property=\"og:site_name\" content=\"Anne Barthelme\u00df\" \/>\n<meta property=\"article:modified_time\" content=\"2025-07-16T13:03:19+00:00\" \/>\n<meta name=\"twitter:card\" content=\"summary_large_image\" \/>\n<meta name=\"twitter:label1\" content=\"Gesch\u00e4tzte Lesezeit\" \/>\n\t<meta name=\"twitter:data1\" content=\"17\u00a0Minuten\" \/>\n<script type=\"application\/ld+json\" class=\"yoast-schema-graph\">{\"@context\":\"https:\/\/schema.org\",\"@graph\":[{\"@type\":\"WebPage\",\"@id\":\"https:\/\/anne-barthelmess.de\/index.php\/datenschutzerklaerung\/\",\"url\":\"https:\/\/anne-barthelmess.de\/index.php\/datenschutzerklaerung\/\",\"name\":\"Datenschutzerkl\u00e4rung - Anne Barthelme\u00df\",\"isPartOf\":{\"@id\":\"https:\/\/anne-barthelmess.de\/#website\"},\"datePublished\":\"2025-07-16T12:58:46+00:00\",\"dateModified\":\"2025-07-16T13:03:19+00:00\",\"breadcrumb\":{\"@id\":\"https:\/\/anne-barthelmess.de\/index.php\/datenschutzerklaerung\/#breadcrumb\"},\"inLanguage\":\"de\",\"potentialAction\":[{\"@type\":\"ReadAction\",\"target\":[\"https:\/\/anne-barthelmess.de\/index.php\/datenschutzerklaerung\/\"]}]},{\"@type\":\"BreadcrumbList\",\"@id\":\"https:\/\/anne-barthelmess.de\/index.php\/datenschutzerklaerung\/#breadcrumb\",\"itemListElement\":[{\"@type\":\"ListItem\",\"position\":1,\"name\":\"Startseite\",\"item\":\"https:\/\/anne-barthelmess.de\/index.php\/startseite\/\"},{\"@type\":\"ListItem\",\"position\":2,\"name\":\"Datenschutzerkl\u00e4rung\"}]},{\"@type\":\"WebSite\",\"@id\":\"https:\/\/anne-barthelmess.de\/#website\",\"url\":\"https:\/\/anne-barthelmess.de\/\",\"name\":\"Anne Barthelme\u00df\",\"description\":\"Feldenkrais als Einzelstunde und Gruppenstunde in Berlin Charlottenburg\",\"publisher\":{\"@id\":\"https:\/\/anne-barthelmess.de\/#\/schema\/person\/b0108bfd55dfd6a45f19d6755e1c76d5\"},\"potentialAction\":[{\"@type\":\"SearchAction\",\"target\":{\"@type\":\"EntryPoint\",\"urlTemplate\":\"https:\/\/anne-barthelmess.de\/?s={search_term_string}\"},\"query-input\":{\"@type\":\"PropertyValueSpecification\",\"valueRequired\":true,\"valueName\":\"search_term_string\"}}],\"inLanguage\":\"de\"},{\"@type\":[\"Person\",\"Organization\"],\"@id\":\"https:\/\/anne-barthelmess.de\/#\/schema\/person\/b0108bfd55dfd6a45f19d6755e1c76d5\",\"name\":\"admin\",\"image\":{\"@type\":\"ImageObject\",\"inLanguage\":\"de\",\"@id\":\"https:\/\/anne-barthelmess.de\/#\/schema\/person\/image\/\",\"url\":\"https:\/\/anne-barthelmess.de\/wordpress\/wp-content\/uploads\/2025\/06\/cropped-anne_thumb.jpg\",\"contentUrl\":\"https:\/\/anne-barthelmess.de\/wordpress\/wp-content\/uploads\/2025\/06\/cropped-anne_thumb.jpg\",\"width\":67,\"height\":72,\"caption\":\"admin\"},\"logo\":{\"@id\":\"https:\/\/anne-barthelmess.de\/#\/schema\/person\/image\/\"},\"sameAs\":[\"https:\/\/anne-barthelmess.de\/wordpress\"]}]}<\/script>\n<!-- \/ Yoast SEO plugin. -->","yoast_head_json":{"title":"Datenschutzerkl\u00e4rung - Anne Barthelme\u00df","robots":{"index":"index","follow":"follow","max-snippet":"max-snippet:-1","max-image-preview":"max-image-preview:large","max-video-preview":"max-video-preview:-1"},"canonical":"https:\/\/anne-barthelmess.de\/index.php\/datenschutzerklaerung\/","og_locale":"de_DE","og_type":"article","og_title":"Datenschutzerkl\u00e4rung - Anne Barthelme\u00df","og_url":"https:\/\/anne-barthelmess.de\/index.php\/datenschutzerklaerung\/","og_site_name":"Anne Barthelme\u00df","article_modified_time":"2025-07-16T13:03:19+00:00","twitter_card":"summary_large_image","twitter_misc":{"Gesch\u00e4tzte Lesezeit":"17\u00a0Minuten"},"schema":{"@context":"https:\/\/schema.org","@graph":[{"@type":"WebPage","@id":"https:\/\/anne-barthelmess.de\/index.php\/datenschutzerklaerung\/","url":"https:\/\/anne-barthelmess.de\/index.php\/datenschutzerklaerung\/","name":"Datenschutzerkl\u00e4rung - Anne Barthelme\u00df","isPartOf":{"@id":"https:\/\/anne-barthelmess.de\/#website"},"datePublished":"2025-07-16T12:58:46+00:00","dateModified":"2025-07-16T13:03:19+00:00","breadcrumb":{"@id":"https:\/\/anne-barthelmess.de\/index.php\/datenschutzerklaerung\/#breadcrumb"},"inLanguage":"de","potentialAction":[{"@type":"ReadAction","target":["https:\/\/anne-barthelmess.de\/index.php\/datenschutzerklaerung\/"]}]},{"@type":"BreadcrumbList","@id":"https:\/\/anne-barthelmess.de\/index.php\/datenschutzerklaerung\/#breadcrumb","itemListElement":[{"@type":"ListItem","position":1,"name":"Startseite","item":"https:\/\/anne-barthelmess.de\/index.php\/startseite\/"},{"@type":"ListItem","position":2,"name":"Datenschutzerkl\u00e4rung"}]},{"@type":"WebSite","@id":"https:\/\/anne-barthelmess.de\/#website","url":"https:\/\/anne-barthelmess.de\/","name":"Anne Barthelme\u00df","description":"Feldenkrais als Einzelstunde und Gruppenstunde in Berlin Charlottenburg","publisher":{"@id":"https:\/\/anne-barthelmess.de\/#\/schema\/person\/b0108bfd55dfd6a45f19d6755e1c76d5"},"potentialAction":[{"@type":"SearchAction","target":{"@type":"EntryPoint","urlTemplate":"https:\/\/anne-barthelmess.de\/?s={search_term_string}"},"query-input":{"@type":"PropertyValueSpecification","valueRequired":true,"valueName":"search_term_string"}}],"inLanguage":"de"},{"@type":["Person","Organization"],"@id":"https:\/\/anne-barthelmess.de\/#\/schema\/person\/b0108bfd55dfd6a45f19d6755e1c76d5","name":"admin","image":{"@type":"ImageObject","inLanguage":"de","@id":"https:\/\/anne-barthelmess.de\/#\/schema\/person\/image\/","url":"https:\/\/anne-barthelmess.de\/wordpress\/wp-content\/uploads\/2025\/06\/cropped-anne_thumb.jpg","contentUrl":"https:\/\/anne-barthelmess.de\/wordpress\/wp-content\/uploads\/2025\/06\/cropped-anne_thumb.jpg","width":67,"height":72,"caption":"admin"},"logo":{"@id":"https:\/\/anne-barthelmess.de\/#\/schema\/person\/image\/"},"sameAs":["https:\/\/anne-barthelmess.de\/wordpress"]}]}},"_links":{"self":[{"href":"https:\/\/anne-barthelmess.de\/index.php\/wp-json\/wp\/v2\/pages\/56","targetHints":{"allow":["GET"]}}],"collection":[{"href":"https:\/\/anne-barthelmess.de\/index.php\/wp-json\/wp\/v2\/pages"}],"about":[{"href":"https:\/\/anne-barthelmess.de\/index.php\/wp-json\/wp\/v2\/types\/page"}],"author":[{"embeddable":true,"href":"https:\/\/anne-barthelmess.de\/index.php\/wp-json\/wp\/v2\/users\/1"}],"replies":[{"embeddable":true,"href":"https:\/\/anne-barthelmess.de\/index.php\/wp-json\/wp\/v2\/comments?post=56"}],"version-history":[{"count":1,"href":"https:\/\/anne-barthelmess.de\/index.php\/wp-json\/wp\/v2\/pages\/56\/revisions"}],"predecessor-version":[{"id":57,"href":"https:\/\/anne-barthelmess.de\/index.php\/wp-json\/wp\/v2\/pages\/56\/revisions\/57"}],"wp:attachment":[{"href":"https:\/\/anne-barthelmess.de\/index.php\/wp-json\/wp\/v2\/media?parent=56"}],"curies":[{"name":"wp","href":"https:\/\/api.w.org\/{rel}","templated":true}]}}